{"id":3595,"date":"2020-11-01T11:45:06","date_gmt":"2020-11-01T10:45:06","guid":{"rendered":"https:\/\/www.agnesmeissonnier.com\/?page_id=3595"},"modified":"2021-09-30T11:55:05","modified_gmt":"2021-09-30T09:55:05","slug":"affiche-flyer","status":"publish","type":"page","link":"https:\/\/www.agnesmeissonnier.com\/index.php\/affiche-flyer\/","title":{"rendered":"Affiche, Flyer"},"content":{"rendered":"\t\t<div data-elementor-type=\"wp-page\" data-elementor-id=\"3595\" class=\"elementor elementor-3595\">\n\t\t\t\t\t\t<section class=\"elementor-section elementor-top-section elementor-element elementor-element-f2fd0eb elementor-section-full_width elementor-section-height-default elementor-section-height-default\" data-id=\"f2fd0eb\" data-element_type=\"section\" data-e-type=\"section\" data-settings=\"{&quot;background_background&quot;:&quot;classic&quot;,&quot;shape_divider_bottom&quot;:&quot;triangle&quot;,&quot;shape_divider_bottom_negative&quot;:&quot;yes&quot;}\">\n\t\t\t\t\t<div class=\"elementor-shape elementor-shape-bottom\" aria-hidden=\"true\" data-negative=\"true\">\n\t\t\t<svg xmlns=\"http:\/\/www.w3.org\/2000\/svg\" viewBox=\"0 0 1000 100\" preserveAspectRatio=\"none\">\n\t<path class=\"elementor-shape-fill\" d=\"M500.2,94.7L0,0v100h1000V0L500.2,94.7z\"\/>\n<\/svg>\t\t<\/div>\n\t\t\t\t\t<div class=\"elementor-container elementor-column-gap-default\">\n\t\t\t\t\t<div class=\"elementor-column elementor-col-100 elementor-top-column elementor-element elementor-element-2988ef1\" data-id=\"2988ef1\" data-element_type=\"column\" data-e-type=\"column\">\n\t\t\t<div class=\"elementor-widget-wrap elementor-element-populated\">\n\t\t\t\t\t\t<section class=\"elementor-section elementor-inner-section elementor-element elementor-element-867b652 elementor-section-boxed elementor-section-height-default elementor-section-height-default\" data-id=\"867b652\" data-element_type=\"section\" data-e-type=\"section\">\n\t\t\t\t\t\t<div class=\"elementor-container elementor-column-gap-default\">\n\t\t\t\t\t<div class=\"elementor-column elementor-col-100 elementor-inner-column elementor-element elementor-element-e612af0\" data-id=\"e612af0\" data-element_type=\"column\" data-e-type=\"column\">\n\t\t\t<div class=\"elementor-widget-wrap\">\n\t\t\t\t\t\t\t<\/div>\n\t\t<\/div>\n\t\t\t\t\t<\/div>\n\t\t<\/section>\n\t\t\t\t\t<\/div>\n\t\t<\/div>\n\t\t\t\t\t<\/div>\n\t\t<\/section>\n\t\t\t\t<section class=\"elementor-section elementor-top-section elementor-element elementor-element-282e38d elementor-section-boxed elementor-section-height-default elementor-section-height-default\" data-id=\"282e38d\" data-element_type=\"section\" data-e-type=\"section\">\n\t\t\t\t\t\t<div class=\"elementor-container elementor-column-gap-default\">\n\t\t\t\t\t<div class=\"elementor-column elementor-col-100 elementor-top-column elementor-element elementor-element-ed1383e\" data-id=\"ed1383e\" data-element_type=\"column\" data-e-type=\"column\">\n\t\t\t<div class=\"elementor-widget-wrap elementor-element-populated\">\n\t\t\t\t\t\t<div class=\"elementor-element elementor-element-0edb146 elementor-widget elementor-widget-heading\" data-id=\"0edb146\" data-element_type=\"widget\" data-e-type=\"widget\" data-widget_type=\"heading.default\">\n\t\t\t\t<div class=\"elementor-widget-container\">\n\t\t\t\t\t<h1 class=\"elementor-heading-title elementor-size-default\">Affiches, flyers<\/h1>\t\t\t\t<\/div>\n\t\t\t\t<\/div>\n\t\t\t\t\t<\/div>\n\t\t<\/div>\n\t\t\t\t\t<\/div>\n\t\t<\/section>\n\t\t\t\t<section class=\"elementor-section elementor-top-section elementor-element elementor-element-7f988a3 elementor-section-boxed elementor-section-height-default elementor-section-height-default\" data-id=\"7f988a3\" data-element_type=\"section\" data-e-type=\"section\">\n\t\t\t\t\t\t<div class=\"elementor-container elementor-column-gap-default\">\n\t\t\t\t\t<div class=\"elementor-column elementor-col-100 elementor-top-column elementor-element elementor-element-90bd8be\" data-id=\"90bd8be\" data-element_type=\"column\" data-e-type=\"column\">\n\t\t\t<div class=\"elementor-widget-wrap elementor-element-populated\">\n\t\t\t\t\t\t<div class=\"elementor-element elementor-element-f283403 elementor-widget elementor-widget-gt3pg-masonry\" data-id=\"f283403\" data-element_type=\"widget\" data-e-type=\"widget\" data-widget_type=\"gt3pg-masonry.default\">\n\t\t\t\t<div class=\"elementor-widget-container\">\n\t\t\t\t\t<style>.uid-d2978f67c8633cf1  .gt3pg-isotope-item {\n\tpadding-right: 20px;\n\tpadding-bottom: 20px;\n}\n.uid-d2978f67c8633cf1  .gallery-isotope-wrapper {\n\tmargin-right: -20px;\n\tmargin-bottom: -20px;\n}\n<\/style><div id=\"uid-d2978f67c8633cf1\" data-gt3pg-block=\"masonry\" data-index=\"1\" class=\"gt3-photo-gallery-pro--isotope_gallery uid-d2978f67c8633cf1 gt3pg-pro--wrapper gt3pg-pro--masonry \">\t\t<div data-cols=\"2\" data-cols-tablet=\"2\" data-cols-mobile=\"2\" class=\"gt3pg-isotope-gallery columns-2 hover-default gallery-masonry corner-standard\" data-settings=\"{&quot;lightbox&quot;:{&quot;enable&quot;:true,&quot;options&quot;:{&quot;instance&quot;:1}},&quot;id&quot;:1,&quot;uid&quot;:&quot;uid-d2978f67c8633cf1&quot;,&quot;modules&quot;:[&quot;Lightbox&quot;],&quot;lightboxArray&quot;:[{&quot;href&quot;:&quot;https:\\\/\\\/i0.wp.com\\\/www.agnesmeissonnier.com\\\/wp-content\\\/uploads\\\/2020\\\/05\\\/Affiche-2-GC-Immobilier-scaled.jpg?fit=2560%2C1810&amp;ssl=1&quot;,&quot;title&quot;:&quot;Affiche-2-GC-Immobilier&quot;,&quot;thumbnail&quot;:&quot;https:\\\/\\\/i0.wp.com\\\/www.agnesmeissonnier.com\\\/wp-content\\\/uploads\\\/2020\\\/05\\\/Affiche-2-GC-Immobilier-scaled.jpg?resize=150%2C150&amp;ssl=1&quot;,&quot;description&quot;:&quot;&quot;,&quot;is_video&quot;:0,&quot;image_id&quot;:3173,&quot;width&quot;:2560,&quot;height&quot;:1810},{&quot;href&quot;:&quot;https:\\\/\\\/i0.wp.com\\\/www.agnesmeissonnier.com\\\/wp-content\\\/uploads\\\/2020\\\/05\\\/Affiche-1-GC-Immobilier-scaled.jpg?fit=2560%2C1810&amp;ssl=1&quot;,&quot;title&quot;:&quot;Affiche-1-GC-Immobilier&quot;,&quot;thumbnail&quot;:&quot;https:\\\/\\\/i0.wp.com\\\/www.agnesmeissonnier.com\\\/wp-content\\\/uploads\\\/2020\\\/05\\\/Affiche-1-GC-Immobilier-scaled.jpg?resize=150%2C150&amp;ssl=1&quot;,&quot;description&quot;:&quot;&quot;,&quot;is_video&quot;:0,&quot;image_id&quot;:3172,&quot;width&quot;:2560,&quot;height&quot;:1810},{&quot;href&quot;:&quot;https:\\\/\\\/i0.wp.com\\\/www.agnesmeissonnier.com\\\/wp-content\\\/uploads\\\/2019\\\/08\\\/Mockup-flyer-f%C3%AAte-des-plantes-2019.jpg?fit=2560%2C2337&amp;ssl=1&quot;,&quot;title&quot;:&quot;Mockup-flyer-f\\u00eate-des-plantes-2019&quot;,&quot;thumbnail&quot;:&quot;https:\\\/\\\/i0.wp.com\\\/www.agnesmeissonnier.com\\\/wp-content\\\/uploads\\\/2019\\\/08\\\/Mockup-flyer-f%C3%AAte-des-plantes-2019.jpg?resize=150%2C150&amp;ssl=1&quot;,&quot;description&quot;:&quot;Flyer - d\\u00e9clinaison de l&#039;affiche de la F\\u00eate des Plantes \\u00e0 Ribiers&quot;,&quot;is_video&quot;:0,&quot;image_id&quot;:1450,&quot;width&quot;:2560,&quot;height&quot;:2337},{&quot;href&quot;:&quot;https:\\\/\\\/i0.wp.com\\\/www.agnesmeissonnier.com\\\/wp-content\\\/uploads\\\/2019\\\/04\\\/Affiche-F%C3%AAte-des-Plantes-2019-e1556394114353.jpg?fit=620%2C877&amp;ssl=1&quot;,&quot;title&quot;:&quot;Affiche f\\u00eate des plantes \\u00e0 RIBIERS&quot;,&quot;thumbnail&quot;:&quot;https:\\\/\\\/i0.wp.com\\\/www.agnesmeissonnier.com\\\/wp-content\\\/uploads\\\/2019\\\/04\\\/Affiche-F%C3%AAte-des-Plantes-2019-e1556394114353.jpg?resize=150%2C150&amp;ssl=1&quot;,&quot;description&quot;:&quot;Affiche r\\u00e9alis\\u00e9e pour la prochaine f\\u00eate des plantes \\u00e0 RIBIERS&quot;,&quot;is_video&quot;:0,&quot;image_id&quot;:1075,&quot;width&quot;:620,&quot;height&quot;:877},{&quot;href&quot;:&quot;https:\\\/\\\/i0.wp.com\\\/www.agnesmeissonnier.com\\\/wp-content\\\/uploads\\\/2019\\\/08\\\/Outdoor-Ad-Screen-MockUp_3.jpg?fit=2560%2C1707&amp;ssl=1&quot;,&quot;title&quot;:&quot;Outdoor-Ad-Screen-MockUp_3&quot;,&quot;thumbnail&quot;:&quot;https:\\\/\\\/i0.wp.com\\\/www.agnesmeissonnier.com\\\/wp-content\\\/uploads\\\/2019\\\/08\\\/Outdoor-Ad-Screen-MockUp_3.jpg?resize=150%2C150&amp;ssl=1&quot;,&quot;description&quot;:&quot;Mise en situation de l&#039;affiche de la F\\u00eate des Plantes \\u00e0 Ribiers&quot;,&quot;is_video&quot;:0,&quot;image_id&quot;:1449,&quot;width&quot;:2560,&quot;height&quot;:1707},{&quot;href&quot;:&quot;https:\\\/\\\/i0.wp.com\\\/www.agnesmeissonnier.com\\\/wp-content\\\/uploads\\\/2019\\\/02\\\/affiche.jpg?fit=2480%2C3508&amp;ssl=1&quot;,&quot;title&quot;:&quot;affiche&quot;,&quot;thumbnail&quot;:&quot;https:\\\/\\\/i0.wp.com\\\/www.agnesmeissonnier.com\\\/wp-content\\\/uploads\\\/2019\\\/02\\\/affiche.jpg?resize=150%2C150&amp;ssl=1&quot;,&quot;description&quot;:&quot;Affiche d\\u00e9cal\\u00e9e r\\u00e9alis\\u00e9e pour un film culte \\&quot;Tchao Pantin\\&quot;&quot;,&quot;is_video&quot;:0,&quot;image_id&quot;:516,&quot;width&quot;:2480,&quot;height&quot;:3508},{&quot;href&quot;:&quot;https:\\\/\\\/i0.wp.com\\\/www.agnesmeissonnier.com\\\/wp-content\\\/uploads\\\/2020\\\/05\\\/fete-des-plantes.jpg?fit=707%2C1000&amp;ssl=1&quot;,&quot;title&quot;:&quot;fete-des-plantes&quot;,&quot;thumbnail&quot;:&quot;https:\\\/\\\/i0.wp.com\\\/www.agnesmeissonnier.com\\\/wp-content\\\/uploads\\\/2020\\\/05\\\/fete-des-plantes.jpg?resize=150%2C150&amp;ssl=1&quot;,&quot;description&quot;:&quot;&quot;,&quot;is_video&quot;:0,&quot;image_id&quot;:3100,&quot;width&quot;:707,&quot;height&quot;:1000},{&quot;href&quot;:&quot;https:\\\/\\\/i0.wp.com\\\/www.agnesmeissonnier.com\\\/wp-content\\\/uploads\\\/2019\\\/02\\\/mockup-galerie-tchaopantin.jpg?fit=1333%2C1000&amp;ssl=1&quot;,&quot;title&quot;:&quot;mockup-galerie-tchaopantin&quot;,&quot;thumbnail&quot;:&quot;https:\\\/\\\/i0.wp.com\\\/www.agnesmeissonnier.com\\\/wp-content\\\/uploads\\\/2019\\\/02\\\/mockup-galerie-tchaopantin.jpg?resize=150%2C150&amp;ssl=1&quot;,&quot;description&quot;:&quot;&quot;,&quot;is_video&quot;:0,&quot;image_id&quot;:47,&quot;width&quot;:1333,&quot;height&quot;:1000},{&quot;href&quot;:&quot;https:\\\/\\\/i0.wp.com\\\/www.agnesmeissonnier.com\\\/wp-content\\\/uploads\\\/2019\\\/02\\\/cg-affiche.jpg?fit=750%2C1000&amp;ssl=1&quot;,&quot;title&quot;:&quot;cg-affiche&quot;,&quot;thumbnail&quot;:&quot;https:\\\/\\\/i0.wp.com\\\/www.agnesmeissonnier.com\\\/wp-content\\\/uploads\\\/2019\\\/02\\\/cg-affiche.jpg?resize=150%2C150&amp;ssl=1&quot;,&quot;description&quot;:&quot;Affiche publicitaire de SEKOIA Eco camp&quot;,&quot;is_video&quot;:0,&quot;image_id&quot;:65,&quot;width&quot;:750,&quot;height&quot;:1000},{&quot;href&quot;:&quot;https:\\\/\\\/i0.wp.com\\\/www.agnesmeissonnier.com\\\/wp-content\\\/uploads\\\/2019\\\/02\\\/jpm-portrait.jpg?fit=707%2C1000&amp;ssl=1&quot;,&quot;title&quot;:&quot;jpm-portrait&quot;,&quot;thumbnail&quot;:&quot;https:\\\/\\\/i0.wp.com\\\/www.agnesmeissonnier.com\\\/wp-content\\\/uploads\\\/2019\\\/02\\\/jpm-portrait.jpg?resize=150%2C150&amp;ssl=1&quot;,&quot;description&quot;:&quot;Affiche Ev\\u00e8nement Journ\\u00e9es du Patrimoine \\u00e0 Marseille&quot;,&quot;is_video&quot;:0,&quot;image_id&quot;:97,&quot;width&quot;:707,&quot;height&quot;:1000},{&quot;href&quot;:&quot;https:\\\/\\\/i0.wp.com\\\/www.agnesmeissonnier.com\\\/wp-content\\\/uploads\\\/2019\\\/05\\\/AFFICHE-F%C3%AAte-du-pain-RIBIERS-2019-e1566564113959.jpg?fit=500%2C707&amp;ssl=1&quot;,&quot;title&quot;:&quot;AFFICHE F\\u00eate du pain RIBIERS 2019&quot;,&quot;thumbnail&quot;:&quot;https:\\\/\\\/i0.wp.com\\\/www.agnesmeissonnier.com\\\/wp-content\\\/uploads\\\/2019\\\/05\\\/AFFICHE-F%C3%AAte-du-pain-RIBIERS-2019-e1566564113959.jpg?resize=150%2C150&amp;ssl=1&quot;,&quot;description&quot;:&quot;Affiche F\\u00eate du Pain - juin 2019 - \\u00e0 RIBIERS &quot;,&quot;is_video&quot;:0,&quot;image_id&quot;:1398,&quot;width&quot;:500,&quot;height&quot;:707},{&quot;href&quot;:&quot;https:\\\/\\\/i0.wp.com\\\/www.agnesmeissonnier.com\\\/wp-content\\\/uploads\\\/2019\\\/02\\\/Agence-de-Voyage-mars.jpg?fit=1403%2C1000&amp;ssl=1&quot;,&quot;title&quot;:&quot;Agence-de-Voyage-mars&quot;,&quot;thumbnail&quot;:&quot;https:\\\/\\\/i0.wp.com\\\/www.agnesmeissonnier.com\\\/wp-content\\\/uploads\\\/2019\\\/02\\\/Agence-de-Voyage-mars.jpg?resize=150%2C150&amp;ssl=1&quot;,&quot;description&quot;:&quot;Affiche publicit\\u00e9 Agence de Voyage&quot;,&quot;is_video&quot;:0,&quot;image_id&quot;:38,&quot;width&quot;:1403,&quot;height&quot;:1000},{&quot;href&quot;:&quot;https:\\\/\\\/i0.wp.com\\\/www.agnesmeissonnier.com\\\/wp-content\\\/uploads\\\/2019\\\/02\\\/mockupagencevoyage.jpg?fit=1333%2C1000&amp;ssl=1&quot;,&quot;title&quot;:&quot;mockupagencevoyage&quot;,&quot;thumbnail&quot;:&quot;https:\\\/\\\/i0.wp.com\\\/www.agnesmeissonnier.com\\\/wp-content\\\/uploads\\\/2019\\\/02\\\/mockupagencevoyage.jpg?resize=150%2C150&amp;ssl=1&quot;,&quot;description&quot;:&quot;Mise en situation Affiche Agence de Voyage&quot;,&quot;is_video&quot;:0,&quot;image_id&quot;:54,&quot;width&quot;:1333,&quot;height&quot;:1000},{&quot;href&quot;:&quot;https:\\\/\\\/i0.wp.com\\\/www.agnesmeissonnier.com\\\/wp-content\\\/uploads\\\/2019\\\/02\\\/mockup-co2.jpg?fit=750%2C1000&amp;ssl=1&quot;,&quot;title&quot;:&quot;mockup-co2&quot;,&quot;thumbnail&quot;:&quot;https:\\\/\\\/i0.wp.com\\\/www.agnesmeissonnier.com\\\/wp-content\\\/uploads\\\/2019\\\/02\\\/mockup-co2.jpg?resize=150%2C150&amp;ssl=1&quot;,&quot;description&quot;:&quot;Pr\\u00e9sentation de la l&#039;affiche de sensibilisation concernant les effets n\\u00e9fastes du CO2&quot;,&quot;is_video&quot;:0,&quot;image_id&quot;:50,&quot;width&quot;:750,&quot;height&quot;:1000},{&quot;href&quot;:&quot;https:\\\/\\\/i0.wp.com\\\/www.agnesmeissonnier.com\\\/wp-content\\\/uploads\\\/2019\\\/02\\\/dior.jpg?fit=1403%2C1000&amp;ssl=1&quot;,&quot;title&quot;:&quot;Eau Sauvage DIOR&quot;,&quot;thumbnail&quot;:&quot;https:\\\/\\\/i0.wp.com\\\/www.agnesmeissonnier.com\\\/wp-content\\\/uploads\\\/2019\\\/02\\\/dior.jpg?resize=150%2C150&amp;ssl=1&quot;,&quot;description&quot;:&quot;Affiche publicitaire pour une marque de parfum&quot;,&quot;is_video&quot;:0,&quot;image_id&quot;:40,&quot;width&quot;:1403,&quot;height&quot;:1000}],&quot;items&quot;:[{&quot;href&quot;:&quot;https:\\\/\\\/i0.wp.com\\\/www.agnesmeissonnier.com\\\/wp-content\\\/uploads\\\/2020\\\/05\\\/Affiche-2-GC-Immobilier-scaled.jpg?fit=2560%2C1810&amp;ssl=1&quot;,&quot;title&quot;:&quot;Affiche-2-GC-Immobilier&quot;,&quot;thumbnail&quot;:&quot;https:\\\/\\\/i0.wp.com\\\/www.agnesmeissonnier.com\\\/wp-content\\\/uploads\\\/2020\\\/05\\\/Affiche-2-GC-Immobilier-scaled.jpg?resize=150%2C150&amp;ssl=1&quot;,&quot;description&quot;:&quot;&quot;,&quot;is_video&quot;:0,&quot;image_id&quot;:3173,&quot;width&quot;:2560,&quot;height&quot;:1810},{&quot;href&quot;:&quot;https:\\\/\\\/i0.wp.com\\\/www.agnesmeissonnier.com\\\/wp-content\\\/uploads\\\/2020\\\/05\\\/Affiche-1-GC-Immobilier-scaled.jpg?fit=2560%2C1810&amp;ssl=1&quot;,&quot;title&quot;:&quot;Affiche-1-GC-Immobilier&quot;,&quot;thumbnail&quot;:&quot;https:\\\/\\\/i0.wp.com\\\/www.agnesmeissonnier.com\\\/wp-content\\\/uploads\\\/2020\\\/05\\\/Affiche-1-GC-Immobilier-scaled.jpg?resize=150%2C150&amp;ssl=1&quot;,&quot;description&quot;:&quot;&quot;,&quot;is_video&quot;:0,&quot;image_id&quot;:3172,&quot;width&quot;:2560,&quot;height&quot;:1810},{&quot;href&quot;:&quot;https:\\\/\\\/i0.wp.com\\\/www.agnesmeissonnier.com\\\/wp-content\\\/uploads\\\/2019\\\/08\\\/Mockup-flyer-f%C3%AAte-des-plantes-2019.jpg?fit=2560%2C2337&amp;ssl=1&quot;,&quot;title&quot;:&quot;Mockup-flyer-f\\u00eate-des-plantes-2019&quot;,&quot;thumbnail&quot;:&quot;https:\\\/\\\/i0.wp.com\\\/www.agnesmeissonnier.com\\\/wp-content\\\/uploads\\\/2019\\\/08\\\/Mockup-flyer-f%C3%AAte-des-plantes-2019.jpg?resize=150%2C150&amp;ssl=1&quot;,&quot;description&quot;:&quot;Flyer - d\\u00e9clinaison de l&#039;affiche de la F\\u00eate des Plantes \\u00e0 Ribiers&quot;,&quot;is_video&quot;:0,&quot;image_id&quot;:1450,&quot;width&quot;:2560,&quot;height&quot;:2337},{&quot;href&quot;:&quot;https:\\\/\\\/i0.wp.com\\\/www.agnesmeissonnier.com\\\/wp-content\\\/uploads\\\/2019\\\/04\\\/Affiche-F%C3%AAte-des-Plantes-2019-e1556394114353.jpg?fit=620%2C877&amp;ssl=1&quot;,&quot;title&quot;:&quot;Affiche f\\u00eate des plantes \\u00e0 RIBIERS&quot;,&quot;thumbnail&quot;:&quot;https:\\\/\\\/i0.wp.com\\\/www.agnesmeissonnier.com\\\/wp-content\\\/uploads\\\/2019\\\/04\\\/Affiche-F%C3%AAte-des-Plantes-2019-e1556394114353.jpg?resize=150%2C150&amp;ssl=1&quot;,&quot;description&quot;:&quot;Affiche r\\u00e9alis\\u00e9e pour la prochaine f\\u00eate des plantes \\u00e0 RIBIERS&quot;,&quot;is_video&quot;:0,&quot;image_id&quot;:1075,&quot;width&quot;:620,&quot;height&quot;:877},{&quot;href&quot;:&quot;https:\\\/\\\/i0.wp.com\\\/www.agnesmeissonnier.com\\\/wp-content\\\/uploads\\\/2019\\\/08\\\/Outdoor-Ad-Screen-MockUp_3.jpg?fit=2560%2C1707&amp;ssl=1&quot;,&quot;title&quot;:&quot;Outdoor-Ad-Screen-MockUp_3&quot;,&quot;thumbnail&quot;:&quot;https:\\\/\\\/i0.wp.com\\\/www.agnesmeissonnier.com\\\/wp-content\\\/uploads\\\/2019\\\/08\\\/Outdoor-Ad-Screen-MockUp_3.jpg?resize=150%2C150&amp;ssl=1&quot;,&quot;description&quot;:&quot;Mise en situation de l&#039;affiche de la F\\u00eate des Plantes \\u00e0 Ribiers&quot;,&quot;is_video&quot;:0,&quot;image_id&quot;:1449,&quot;width&quot;:2560,&quot;height&quot;:1707},{&quot;href&quot;:&quot;https:\\\/\\\/i0.wp.com\\\/www.agnesmeissonnier.com\\\/wp-content\\\/uploads\\\/2019\\\/02\\\/affiche.jpg?fit=2480%2C3508&amp;ssl=1&quot;,&quot;title&quot;:&quot;affiche&quot;,&quot;thumbnail&quot;:&quot;https:\\\/\\\/i0.wp.com\\\/www.agnesmeissonnier.com\\\/wp-content\\\/uploads\\\/2019\\\/02\\\/affiche.jpg?resize=150%2C150&amp;ssl=1&quot;,&quot;description&quot;:&quot;Affiche d\\u00e9cal\\u00e9e r\\u00e9alis\\u00e9e pour un film culte \\&quot;Tchao Pantin\\&quot;&quot;,&quot;is_video&quot;:0,&quot;image_id&quot;:516,&quot;width&quot;:2480,&quot;height&quot;:3508},{&quot;href&quot;:&quot;https:\\\/\\\/i0.wp.com\\\/www.agnesmeissonnier.com\\\/wp-content\\\/uploads\\\/2020\\\/05\\\/fete-des-plantes.jpg?fit=707%2C1000&amp;ssl=1&quot;,&quot;title&quot;:&quot;fete-des-plantes&quot;,&quot;thumbnail&quot;:&quot;https:\\\/\\\/i0.wp.com\\\/www.agnesmeissonnier.com\\\/wp-content\\\/uploads\\\/2020\\\/05\\\/fete-des-plantes.jpg?resize=150%2C150&amp;ssl=1&quot;,&quot;description&quot;:&quot;&quot;,&quot;is_video&quot;:0,&quot;image_id&quot;:3100,&quot;width&quot;:707,&quot;height&quot;:1000},{&quot;href&quot;:&quot;https:\\\/\\\/i0.wp.com\\\/www.agnesmeissonnier.com\\\/wp-content\\\/uploads\\\/2019\\\/02\\\/mockup-galerie-tchaopantin.jpg?fit=1333%2C1000&amp;ssl=1&quot;,&quot;title&quot;:&quot;mockup-galerie-tchaopantin&quot;,&quot;thumbnail&quot;:&quot;https:\\\/\\\/i0.wp.com\\\/www.agnesmeissonnier.com\\\/wp-content\\\/uploads\\\/2019\\\/02\\\/mockup-galerie-tchaopantin.jpg?resize=150%2C150&amp;ssl=1&quot;,&quot;description&quot;:&quot;&quot;,&quot;is_video&quot;:0,&quot;image_id&quot;:47,&quot;width&quot;:1333,&quot;height&quot;:1000},{&quot;href&quot;:&quot;https:\\\/\\\/i0.wp.com\\\/www.agnesmeissonnier.com\\\/wp-content\\\/uploads\\\/2019\\\/02\\\/cg-affiche.jpg?fit=750%2C1000&amp;ssl=1&quot;,&quot;title&quot;:&quot;cg-affiche&quot;,&quot;thumbnail&quot;:&quot;https:\\\/\\\/i0.wp.com\\\/www.agnesmeissonnier.com\\\/wp-content\\\/uploads\\\/2019\\\/02\\\/cg-affiche.jpg?resize=150%2C150&amp;ssl=1&quot;,&quot;description&quot;:&quot;Affiche publicitaire de SEKOIA Eco camp&quot;,&quot;is_video&quot;:0,&quot;image_id&quot;:65,&quot;width&quot;:750,&quot;height&quot;:1000},{&quot;href&quot;:&quot;https:\\\/\\\/i0.wp.com\\\/www.agnesmeissonnier.com\\\/wp-content\\\/uploads\\\/2019\\\/02\\\/jpm-portrait.jpg?fit=707%2C1000&amp;ssl=1&quot;,&quot;title&quot;:&quot;jpm-portrait&quot;,&quot;thumbnail&quot;:&quot;https:\\\/\\\/i0.wp.com\\\/www.agnesmeissonnier.com\\\/wp-content\\\/uploads\\\/2019\\\/02\\\/jpm-portrait.jpg?resize=150%2C150&amp;ssl=1&quot;,&quot;description&quot;:&quot;Affiche Ev\\u00e8nement Journ\\u00e9es du Patrimoine \\u00e0 Marseille&quot;,&quot;is_video&quot;:0,&quot;image_id&quot;:97,&quot;width&quot;:707,&quot;height&quot;:1000},{&quot;href&quot;:&quot;https:\\\/\\\/i0.wp.com\\\/www.agnesmeissonnier.com\\\/wp-content\\\/uploads\\\/2019\\\/05\\\/AFFICHE-F%C3%AAte-du-pain-RIBIERS-2019-e1566564113959.jpg?fit=500%2C707&amp;ssl=1&quot;,&quot;title&quot;:&quot;AFFICHE F\\u00eate du pain RIBIERS 2019&quot;,&quot;thumbnail&quot;:&quot;https:\\\/\\\/i0.wp.com\\\/www.agnesmeissonnier.com\\\/wp-content\\\/uploads\\\/2019\\\/05\\\/AFFICHE-F%C3%AAte-du-pain-RIBIERS-2019-e1566564113959.jpg?resize=150%2C150&amp;ssl=1&quot;,&quot;description&quot;:&quot;Affiche F\\u00eate du Pain - juin 2019 - \\u00e0 RIBIERS &quot;,&quot;is_video&quot;:0,&quot;image_id&quot;:1398,&quot;width&quot;:500,&quot;height&quot;:707},{&quot;href&quot;:&quot;https:\\\/\\\/i0.wp.com\\\/www.agnesmeissonnier.com\\\/wp-content\\\/uploads\\\/2019\\\/02\\\/Agence-de-Voyage-mars.jpg?fit=1403%2C1000&amp;ssl=1&quot;,&quot;title&quot;:&quot;Agence-de-Voyage-mars&quot;,&quot;thumbnail&quot;:&quot;https:\\\/\\\/i0.wp.com\\\/www.agnesmeissonnier.com\\\/wp-content\\\/uploads\\\/2019\\\/02\\\/Agence-de-Voyage-mars.jpg?resize=150%2C150&amp;ssl=1&quot;,&quot;description&quot;:&quot;Affiche publicit\\u00e9 Agence de Voyage&quot;,&quot;is_video&quot;:0,&quot;image_id&quot;:38,&quot;width&quot;:1403,&quot;height&quot;:1000},{&quot;href&quot;:&quot;https:\\\/\\\/i0.wp.com\\\/www.agnesmeissonnier.com\\\/wp-content\\\/uploads\\\/2019\\\/02\\\/mockupagencevoyage.jpg?fit=1333%2C1000&amp;ssl=1&quot;,&quot;title&quot;:&quot;mockupagencevoyage&quot;,&quot;thumbnail&quot;:&quot;https:\\\/\\\/i0.wp.com\\\/www.agnesmeissonnier.com\\\/wp-content\\\/uploads\\\/2019\\\/02\\\/mockupagencevoyage.jpg?resize=150%2C150&amp;ssl=1&quot;,&quot;description&quot;:&quot;Mise en situation Affiche Agence de Voyage&quot;,&quot;is_video&quot;:0,&quot;image_id&quot;:54,&quot;width&quot;:1333,&quot;height&quot;:1000},{&quot;href&quot;:&quot;https:\\\/\\\/i0.wp.com\\\/www.agnesmeissonnier.com\\\/wp-content\\\/uploads\\\/2019\\\/02\\\/mockup-co2.jpg?fit=750%2C1000&amp;ssl=1&quot;,&quot;title&quot;:&quot;mockup-co2&quot;,&quot;thumbnail&quot;:&quot;https:\\\/\\\/i0.wp.com\\\/www.agnesmeissonnier.com\\\/wp-content\\\/uploads\\\/2019\\\/02\\\/mockup-co2.jpg?resize=150%2C150&amp;ssl=1&quot;,&quot;description&quot;:&quot;Pr\\u00e9sentation de la l&#039;affiche de sensibilisation concernant les effets n\\u00e9fastes du CO2&quot;,&quot;is_video&quot;:0,&quot;image_id&quot;:50,&quot;width&quot;:750,&quot;height&quot;:1000},{&quot;href&quot;:&quot;https:\\\/\\\/i0.wp.com\\\/www.agnesmeissonnier.com\\\/wp-content\\\/uploads\\\/2019\\\/02\\\/dior.jpg?fit=1403%2C1000&amp;ssl=1&quot;,&quot;title&quot;:&quot;Eau Sauvage DIOR&quot;,&quot;thumbnail&quot;:&quot;https:\\\/\\\/i0.wp.com\\\/www.agnesmeissonnier.com\\\/wp-content\\\/uploads\\\/2019\\\/02\\\/dior.jpg?resize=150%2C150&amp;ssl=1&quot;,&quot;description&quot;:&quot;Affiche publicitaire pour une marque de parfum&quot;,&quot;is_video&quot;:0,&quot;image_id&quot;:40,&quot;width&quot;:1403,&quot;height&quot;:1000}]}\">\r\n\t\t\t<div class=\"gallery-isotope-wrapper\">\r\n\t\t\t\t<div class=\"gt3pg-isotope-item loading \" ><div class=\"isotope_item-wrapper\"><a href=\"https:\/\/i0.wp.com\/www.agnesmeissonnier.com\/wp-content\/uploads\/2020\/05\/Affiche-2-GC-Immobilier-scaled.jpg?fit=1024%2C724&#038;ssl=1\" class=\"gt3pg-lightbox\" data-elementor-open-lightbox=\"no\"><div class=\"img-wrapper \"><img fetchpriority=\"high\" decoding=\"async\" width=\"1024\" height=\"724\" src=\"https:\/\/i0.wp.com\/www.agnesmeissonnier.com\/wp-content\/uploads\/2020\/05\/Affiche-2-GC-Immobilier-scaled.jpg?fit=1024%2C724&amp;ssl=1\" class=\"skip-lazy gt3-lazy-image\" alt=\"\" data-lazy-srcset=\"https:\/\/i0.wp.com\/www.agnesmeissonnier.com\/wp-content\/uploads\/2020\/05\/Affiche-2-GC-Immobilier-scaled.jpg?w=2560&amp;ssl=1 2560w, https:\/\/i0.wp.com\/www.agnesmeissonnier.com\/wp-content\/uploads\/2020\/05\/Affiche-2-GC-Immobilier-scaled.jpg?resize=300%2C212&amp;ssl=1 300w, https:\/\/i0.wp.com\/www.agnesmeissonnier.com\/wp-content\/uploads\/2020\/05\/Affiche-2-GC-Immobilier-scaled.jpg?resize=1024%2C724&amp;ssl=1 1024w, https:\/\/i0.wp.com\/www.agnesmeissonnier.com\/wp-content\/uploads\/2020\/05\/Affiche-2-GC-Immobilier-scaled.jpg?resize=768%2C543&amp;ssl=1 768w, https:\/\/i0.wp.com\/www.agnesmeissonnier.com\/wp-content\/uploads\/2020\/05\/Affiche-2-GC-Immobilier-scaled.jpg?resize=500%2C354&amp;ssl=1 500w, https:\/\/i0.wp.com\/www.agnesmeissonnier.com\/wp-content\/uploads\/2020\/05\/Affiche-2-GC-Immobilier-scaled.jpg?resize=800%2C566&amp;ssl=1 800w, https:\/\/i0.wp.com\/www.agnesmeissonnier.com\/wp-content\/uploads\/2020\/05\/Affiche-2-GC-Immobilier-scaled.jpg?w=2400&amp;ssl=1 2400w\" data-lazy-sizes=\"(max-width: 1024px) 100vw, 1024px\" data-lazy-src=\"https:\/\/i0.wp.com\/www.agnesmeissonnier.com\/wp-content\/uploads\/2020\/05\/Affiche-2-GC-Immobilier-scaled.jpg?fit=1024%2C724&amp;ssl=1&amp;is-pending-load=1\" srcset=\"data:image\/png;base64,iVBORw0KGgoAAAANSUhEUgAAAGYAAABICAYAAAAEeYAkAAAACXBIWXMAAA7EAAAOxAGVKw4bAAAAM0lEQVR42u3BgQAAAADDoPlTH+ECVQEAAAAAAAAAAAAAAAAAAAAAAAAAAAAAAAAAAADAN3MIAAFVs0dTAAAAAElFTkSuQmCC\" data-attachment-id=\"3173\" data-permalink=\"https:\/\/www.agnesmeissonnier.com\/affiche-2-gc-immobilier\/\" data-orig-file=\"https:\/\/i0.wp.com\/www.agnesmeissonnier.com\/wp-content\/uploads\/2020\/05\/Affiche-2-GC-Immobilier-scaled.jpg?fit=2560%2C1810&amp;ssl=1\" data-orig-size=\"2560,1810\" data-comments-opened=\"1\" data-image-meta=\"{&quot;aperture&quot;:&quot;0&quot;,&quot;credit&quot;:&quot;&quot;,&quot;camera&quot;:&quot;&quot;,&quot;caption&quot;:&quot;&quot;,&quot;created_timestamp&quot;:&quot;0&quot;,&quot;copyright&quot;:&quot;&quot;,&quot;focal_length&quot;:&quot;0&quot;,&quot;iso&quot;:&quot;0&quot;,&quot;shutter_speed&quot;:&quot;0&quot;,&quot;title&quot;:&quot;&quot;,&quot;orientation&quot;:&quot;0&quot;}\" data-image-title=\"Affiche-2-GC-Immobilier\" data-image-description=\"\" data-image-caption=\"\" data-medium-file=\"https:\/\/i0.wp.com\/www.agnesmeissonnier.com\/wp-content\/uploads\/2020\/05\/Affiche-2-GC-Immobilier-scaled.jpg?fit=300%2C212&amp;ssl=1\" data-large-file=\"https:\/\/i0.wp.com\/www.agnesmeissonnier.com\/wp-content\/uploads\/2020\/05\/Affiche-2-GC-Immobilier-scaled.jpg?fit=1024%2C724&amp;ssl=1\" \/><\/div><\/a><\/div><\/div><div class=\"gt3pg-isotope-item loading \" ><div class=\"isotope_item-wrapper\"><a href=\"https:\/\/i0.wp.com\/www.agnesmeissonnier.com\/wp-content\/uploads\/2020\/05\/Affiche-1-GC-Immobilier-scaled.jpg?fit=1024%2C724&#038;ssl=1\" class=\"gt3pg-lightbox\" data-elementor-open-lightbox=\"no\"><div class=\"img-wrapper \"><img decoding=\"async\" width=\"1024\" height=\"724\" src=\"https:\/\/i0.wp.com\/www.agnesmeissonnier.com\/wp-content\/uploads\/2020\/05\/Affiche-1-GC-Immobilier-scaled.jpg?fit=1024%2C724&amp;ssl=1\" class=\"skip-lazy gt3-lazy-image\" alt=\"\" data-lazy-srcset=\"https:\/\/i0.wp.com\/www.agnesmeissonnier.com\/wp-content\/uploads\/2020\/05\/Affiche-1-GC-Immobilier-scaled.jpg?w=2560&amp;ssl=1 2560w, https:\/\/i0.wp.com\/www.agnesmeissonnier.com\/wp-content\/uploads\/2020\/05\/Affiche-1-GC-Immobilier-scaled.jpg?resize=300%2C212&amp;ssl=1 300w, https:\/\/i0.wp.com\/www.agnesmeissonnier.com\/wp-content\/uploads\/2020\/05\/Affiche-1-GC-Immobilier-scaled.jpg?resize=1024%2C724&amp;ssl=1 1024w, https:\/\/i0.wp.com\/www.agnesmeissonnier.com\/wp-content\/uploads\/2020\/05\/Affiche-1-GC-Immobilier-scaled.jpg?resize=768%2C543&amp;ssl=1 768w, https:\/\/i0.wp.com\/www.agnesmeissonnier.com\/wp-content\/uploads\/2020\/05\/Affiche-1-GC-Immobilier-scaled.jpg?resize=500%2C354&amp;ssl=1 500w, https:\/\/i0.wp.com\/www.agnesmeissonnier.com\/wp-content\/uploads\/2020\/05\/Affiche-1-GC-Immobilier-scaled.jpg?resize=800%2C566&amp;ssl=1 800w, https:\/\/i0.wp.com\/www.agnesmeissonnier.com\/wp-content\/uploads\/2020\/05\/Affiche-1-GC-Immobilier-scaled.jpg?w=2400&amp;ssl=1 2400w\" data-lazy-sizes=\"(max-width: 1024px) 100vw, 1024px\" data-lazy-src=\"https:\/\/i0.wp.com\/www.agnesmeissonnier.com\/wp-content\/uploads\/2020\/05\/Affiche-1-GC-Immobilier-scaled.jpg?fit=1024%2C724&amp;ssl=1&amp;is-pending-load=1\" srcset=\"data:image\/png;base64,iVBORw0KGgoAAAANSUhEUgAAAGYAAABICAYAAAAEeYAkAAAACXBIWXMAAA7EAAAOxAGVKw4bAAAAM0lEQVR42u3BgQAAAADDoPlTH+ECVQEAAAAAAAAAAAAAAAAAAAAAAAAAAAAAAAAAAADAN3MIAAFVs0dTAAAAAElFTkSuQmCC\" data-attachment-id=\"3172\" data-permalink=\"https:\/\/www.agnesmeissonnier.com\/affiche-1-gc-immobilier\/\" data-orig-file=\"https:\/\/i0.wp.com\/www.agnesmeissonnier.com\/wp-content\/uploads\/2020\/05\/Affiche-1-GC-Immobilier-scaled.jpg?fit=2560%2C1810&amp;ssl=1\" data-orig-size=\"2560,1810\" data-comments-opened=\"1\" data-image-meta=\"{&quot;aperture&quot;:&quot;0&quot;,&quot;credit&quot;:&quot;&quot;,&quot;camera&quot;:&quot;&quot;,&quot;caption&quot;:&quot;&quot;,&quot;created_timestamp&quot;:&quot;0&quot;,&quot;copyright&quot;:&quot;&quot;,&quot;focal_length&quot;:&quot;0&quot;,&quot;iso&quot;:&quot;0&quot;,&quot;shutter_speed&quot;:&quot;0&quot;,&quot;title&quot;:&quot;&quot;,&quot;orientation&quot;:&quot;0&quot;}\" data-image-title=\"Affiche-1-GC-Immobilier\" data-image-description=\"\" data-image-caption=\"\" data-medium-file=\"https:\/\/i0.wp.com\/www.agnesmeissonnier.com\/wp-content\/uploads\/2020\/05\/Affiche-1-GC-Immobilier-scaled.jpg?fit=300%2C212&amp;ssl=1\" data-large-file=\"https:\/\/i0.wp.com\/www.agnesmeissonnier.com\/wp-content\/uploads\/2020\/05\/Affiche-1-GC-Immobilier-scaled.jpg?fit=1024%2C724&amp;ssl=1\" \/><\/div><\/a><\/div><\/div><div class=\"gt3pg-isotope-item loading \" ><div class=\"isotope_item-wrapper\"><a href=\"https:\/\/i0.wp.com\/www.agnesmeissonnier.com\/wp-content\/uploads\/2019\/08\/Mockup-flyer-f%C3%AAte-des-plantes-2019.jpg?fit=1024%2C935&#038;ssl=1\" class=\"gt3pg-lightbox\" data-elementor-open-lightbox=\"no\"><div class=\"img-wrapper \"><img decoding=\"async\" width=\"1024\" height=\"935\" src=\"https:\/\/i0.wp.com\/www.agnesmeissonnier.com\/wp-content\/uploads\/2019\/08\/Mockup-flyer-f%C3%AAte-des-plantes-2019.jpg?fit=1024%2C935&amp;ssl=1\" class=\"skip-lazy gt3-lazy-image\" alt=\"\" data-lazy-src=\"https:\/\/i0.wp.com\/www.agnesmeissonnier.com\/wp-content\/uploads\/2019\/08\/Mockup-flyer-f%C3%AAte-des-plantes-2019.jpg?fit=1024%2C935&amp;ssl=1&amp;is-pending-load=1\" srcset=\"data:image\/png;base64,iVBORw0KGgoAAAANSUhEUgAAAGYAAABcCAYAAACcPsCpAAAACXBIWXMAAA7EAAAOxAGVKw4bAAAAO0lEQVR42u3BAQ0AAADCoPdPbQ8HFAAAAAAAAAAAAAAAAAAAAAAAAAAAAAAAAAAAAAAAAAAAAAAAAK8GkvwAAcX76AgAAAAASUVORK5CYII=\" data-attachment-id=\"1450\" data-permalink=\"https:\/\/www.agnesmeissonnier.com\/mockup-flyer-fete-des-plantes-2019\/\" data-orig-file=\"https:\/\/i0.wp.com\/www.agnesmeissonnier.com\/wp-content\/uploads\/2019\/08\/Mockup-flyer-f%C3%AAte-des-plantes-2019.jpg?fit=2560%2C2337&amp;ssl=1\" data-orig-size=\"2560,2337\" data-comments-opened=\"1\" data-image-meta=\"{&quot;aperture&quot;:&quot;0&quot;,&quot;credit&quot;:&quot;&quot;,&quot;camera&quot;:&quot;&quot;,&quot;caption&quot;:&quot;&quot;,&quot;created_timestamp&quot;:&quot;0&quot;,&quot;copyright&quot;:&quot;&quot;,&quot;focal_length&quot;:&quot;0&quot;,&quot;iso&quot;:&quot;0&quot;,&quot;shutter_speed&quot;:&quot;0&quot;,&quot;title&quot;:&quot;&quot;,&quot;orientation&quot;:&quot;0&quot;}\" data-image-title=\"Mockup-flyer-f\u00eate-des-plantes-2019\" data-image-description=\"\" data-image-caption=\"&lt;p&gt;Flyer &#8211; d\u00e9clinaison de l&amp;rsquo;affiche de la F\u00eate des Plantes \u00e0 Ribiers&lt;\/p&gt;\n\" data-medium-file=\"https:\/\/i0.wp.com\/www.agnesmeissonnier.com\/wp-content\/uploads\/2019\/08\/Mockup-flyer-f%C3%AAte-des-plantes-2019.jpg?fit=300%2C274&amp;ssl=1\" data-large-file=\"https:\/\/i0.wp.com\/www.agnesmeissonnier.com\/wp-content\/uploads\/2019\/08\/Mockup-flyer-f%C3%AAte-des-plantes-2019.jpg?fit=1024%2C935&amp;ssl=1\" \/><\/div><\/a><\/div><\/div><div class=\"gt3pg-isotope-item loading \" ><div class=\"isotope_item-wrapper\"><a href=\"https:\/\/i0.wp.com\/www.agnesmeissonnier.com\/wp-content\/uploads\/2019\/04\/Affiche-F%C3%AAte-des-Plantes-2019-e1556394114353.jpg?fit=724%2C1024&#038;ssl=1\" class=\"gt3pg-lightbox\" data-elementor-open-lightbox=\"no\"><div class=\"img-wrapper \"><img loading=\"lazy\" decoding=\"async\" width=\"724\" height=\"1024\" src=\"https:\/\/i0.wp.com\/www.agnesmeissonnier.com\/wp-content\/uploads\/2019\/04\/Affiche-F%C3%AAte-des-Plantes-2019-e1556394114353.jpg?fit=724%2C1024&amp;ssl=1\" class=\"skip-lazy gt3-lazy-image\" alt=\"Affiche r\u00e9alis\u00e9e pour la f\u00eate des plantes qui aura lieu au mois de mai prochain \u00e0 RIBIERS\" data-lazy-src=\"https:\/\/i0.wp.com\/www.agnesmeissonnier.com\/wp-content\/uploads\/2019\/04\/Affiche-F%C3%AAte-des-Plantes-2019-e1556394114353.jpg?fit=724%2C1024&amp;ssl=1&amp;is-pending-load=1\" srcset=\"data:image\/png;base64,iVBORw0KGgoAAAANSUhEUgAAAEgAAABlCAYAAADu36WvAAAACXBIWXMAAA7EAAAOxAGVKw4bAAAAM0lEQVR42u3BgQAAAADDoPlTH+ECVQEAAAAAAAAAAAAAAAAAAAAAAAAAAAAAAAAAAABwDXIFAAEUjAA3AAAAAElFTkSuQmCC\" data-attachment-id=\"1075\" data-permalink=\"https:\/\/www.agnesmeissonnier.com\/affiche-fete-des-plantes-2019\/\" data-orig-file=\"https:\/\/i0.wp.com\/www.agnesmeissonnier.com\/wp-content\/uploads\/2019\/04\/Affiche-F%C3%AAte-des-Plantes-2019-e1556394114353.jpg?fit=620%2C877&amp;ssl=1\" data-orig-size=\"620,877\" data-comments-opened=\"1\" data-image-meta=\"{&quot;aperture&quot;:&quot;0&quot;,&quot;credit&quot;:&quot;&quot;,&quot;camera&quot;:&quot;&quot;,&quot;caption&quot;:&quot;&quot;,&quot;created_timestamp&quot;:&quot;0&quot;,&quot;copyright&quot;:&quot;&quot;,&quot;focal_length&quot;:&quot;0&quot;,&quot;iso&quot;:&quot;0&quot;,&quot;shutter_speed&quot;:&quot;0&quot;,&quot;title&quot;:&quot;&quot;,&quot;orientation&quot;:&quot;0&quot;}\" data-image-title=\"Affiche f\u00eate des plantes \u00e0 RIBIERS\" data-image-description=\"&lt;p&gt;R\u00e9alisation d&amp;rsquo;une affiche pour la prochaine f\u00eate des plantes \u00e0 RIBIERS&lt;\/p&gt;\n\" data-image-caption=\"&lt;p&gt;Affiche r\u00e9alis\u00e9e pour la prochaine f\u00eate des plantes \u00e0 RIBIERS&lt;\/p&gt;\n\" data-medium-file=\"https:\/\/i0.wp.com\/www.agnesmeissonnier.com\/wp-content\/uploads\/2019\/04\/Affiche-F%C3%AAte-des-Plantes-2019-e1556394114353.jpg?fit=212%2C300&amp;ssl=1\" data-large-file=\"https:\/\/i0.wp.com\/www.agnesmeissonnier.com\/wp-content\/uploads\/2019\/04\/Affiche-F%C3%AAte-des-Plantes-2019-e1556394114353.jpg?fit=724%2C1024&amp;ssl=1\" \/><\/div><\/a><\/div><\/div><div class=\"gt3pg-isotope-item loading \" ><div class=\"isotope_item-wrapper\"><a href=\"https:\/\/i0.wp.com\/www.agnesmeissonnier.com\/wp-content\/uploads\/2019\/08\/Outdoor-Ad-Screen-MockUp_3.jpg?fit=1024%2C683&#038;ssl=1\" class=\"gt3pg-lightbox\" data-elementor-open-lightbox=\"no\"><div class=\"img-wrapper \"><img loading=\"lazy\" decoding=\"async\" width=\"1024\" height=\"683\" src=\"https:\/\/i0.wp.com\/www.agnesmeissonnier.com\/wp-content\/uploads\/2019\/08\/Outdoor-Ad-Screen-MockUp_3.jpg?fit=1024%2C683&amp;ssl=1\" class=\"skip-lazy gt3-lazy-image\" alt=\"\" data-lazy-srcset=\"https:\/\/i0.wp.com\/www.agnesmeissonnier.com\/wp-content\/uploads\/2019\/08\/Outdoor-Ad-Screen-MockUp_3.jpg?w=2560&amp;ssl=1 2560w, https:\/\/i0.wp.com\/www.agnesmeissonnier.com\/wp-content\/uploads\/2019\/08\/Outdoor-Ad-Screen-MockUp_3.jpg?resize=300%2C200&amp;ssl=1 300w, https:\/\/i0.wp.com\/www.agnesmeissonnier.com\/wp-content\/uploads\/2019\/08\/Outdoor-Ad-Screen-MockUp_3.jpg?resize=768%2C512&amp;ssl=1 768w, https:\/\/i0.wp.com\/www.agnesmeissonnier.com\/wp-content\/uploads\/2019\/08\/Outdoor-Ad-Screen-MockUp_3.jpg?resize=1024%2C683&amp;ssl=1 1024w, https:\/\/i0.wp.com\/www.agnesmeissonnier.com\/wp-content\/uploads\/2019\/08\/Outdoor-Ad-Screen-MockUp_3.jpg?resize=600%2C400&amp;ssl=1 600w, https:\/\/i0.wp.com\/www.agnesmeissonnier.com\/wp-content\/uploads\/2019\/08\/Outdoor-Ad-Screen-MockUp_3.jpg?resize=272%2C182&amp;ssl=1 272w, https:\/\/i0.wp.com\/www.agnesmeissonnier.com\/wp-content\/uploads\/2019\/08\/Outdoor-Ad-Screen-MockUp_3.jpg?w=2400&amp;ssl=1 2400w\" data-lazy-sizes=\"(max-width: 1024px) 100vw, 1024px\" data-lazy-src=\"https:\/\/i0.wp.com\/www.agnesmeissonnier.com\/wp-content\/uploads\/2019\/08\/Outdoor-Ad-Screen-MockUp_3.jpg?fit=1024%2C683&amp;ssl=1&amp;is-pending-load=1\" srcset=\"data:image\/png;base64,iVBORw0KGgoAAAANSUhEUgAAAGYAAABECAYAAABzu0BfAAAACXBIWXMAAA7EAAAOxAGVKw4bAAAAMUlEQVR42u3BAQ0AAADCoPdPbQ8HFAAAAAAAAAAAAAAAAAAAAAAAAAAAAAAAAAAA8GRspAABJTO4fwAAAABJRU5ErkJggg==\" data-attachment-id=\"1449\" data-permalink=\"https:\/\/www.agnesmeissonnier.com\/outdoor-ad-screen-mockup_3\/\" data-orig-file=\"https:\/\/i0.wp.com\/www.agnesmeissonnier.com\/wp-content\/uploads\/2019\/08\/Outdoor-Ad-Screen-MockUp_3.jpg?fit=2560%2C1707&amp;ssl=1\" data-orig-size=\"2560,1707\" data-comments-opened=\"1\" data-image-meta=\"{&quot;aperture&quot;:&quot;0&quot;,&quot;credit&quot;:&quot;&quot;,&quot;camera&quot;:&quot;&quot;,&quot;caption&quot;:&quot;&quot;,&quot;created_timestamp&quot;:&quot;0&quot;,&quot;copyright&quot;:&quot;&quot;,&quot;focal_length&quot;:&quot;0&quot;,&quot;iso&quot;:&quot;0&quot;,&quot;shutter_speed&quot;:&quot;0&quot;,&quot;title&quot;:&quot;&quot;,&quot;orientation&quot;:&quot;0&quot;}\" data-image-title=\"Outdoor-Ad-Screen-MockUp_3\" data-image-description=\"\" data-image-caption=\"&lt;p&gt;Mise en situation de l&amp;rsquo;affiche de la F\u00eate des Plantes \u00e0 Ribiers&lt;\/p&gt;\n\" data-medium-file=\"https:\/\/i0.wp.com\/www.agnesmeissonnier.com\/wp-content\/uploads\/2019\/08\/Outdoor-Ad-Screen-MockUp_3.jpg?fit=300%2C200&amp;ssl=1\" data-large-file=\"https:\/\/i0.wp.com\/www.agnesmeissonnier.com\/wp-content\/uploads\/2019\/08\/Outdoor-Ad-Screen-MockUp_3.jpg?fit=1024%2C683&amp;ssl=1\" \/><\/div><\/a><\/div><\/div><div class=\"gt3pg-isotope-item loading \" ><div class=\"isotope_item-wrapper\"><a href=\"https:\/\/i0.wp.com\/www.agnesmeissonnier.com\/wp-content\/uploads\/2019\/02\/affiche.jpg?fit=724%2C1024&#038;ssl=1\" class=\"gt3pg-lightbox\" data-elementor-open-lightbox=\"no\"><div class=\"img-wrapper \"><img loading=\"lazy\" decoding=\"async\" width=\"724\" height=\"1024\" src=\"https:\/\/i0.wp.com\/www.agnesmeissonnier.com\/wp-content\/uploads\/2019\/02\/affiche.jpg?fit=724%2C1024&amp;ssl=1\" class=\"skip-lazy gt3-lazy-image\" alt=\"Affiche d\u00e9cal\u00e9e r\u00e9alis\u00e9e pour un film culte &quot;Tchao Pantin&quot; \u00e0 l&#039;occasion d&#039;une exposition \u00e0 la Galerie 3013 \u00e0 Marseille en avril 2018\" data-lazy-srcset=\"https:\/\/i0.wp.com\/www.agnesmeissonnier.com\/wp-content\/uploads\/2019\/02\/affiche.jpg?w=2480&amp;ssl=1 2480w, https:\/\/i0.wp.com\/www.agnesmeissonnier.com\/wp-content\/uploads\/2019\/02\/affiche.jpg?resize=212%2C300&amp;ssl=1 212w, https:\/\/i0.wp.com\/www.agnesmeissonnier.com\/wp-content\/uploads\/2019\/02\/affiche.jpg?resize=768%2C1086&amp;ssl=1 768w, https:\/\/i0.wp.com\/www.agnesmeissonnier.com\/wp-content\/uploads\/2019\/02\/affiche.jpg?resize=724%2C1024&amp;ssl=1 724w, https:\/\/i0.wp.com\/www.agnesmeissonnier.com\/wp-content\/uploads\/2019\/02\/affiche.jpg?w=2400&amp;ssl=1 2400w\" data-lazy-sizes=\"(max-width: 724px) 100vw, 724px\" data-lazy-src=\"https:\/\/i0.wp.com\/www.agnesmeissonnier.com\/wp-content\/uploads\/2019\/02\/affiche.jpg?fit=724%2C1024&amp;ssl=1&amp;is-pending-load=1\" srcset=\"data:image\/png;base64,iVBORw0KGgoAAAANSUhEUgAAAEgAAABlCAYAAADu36WvAAAACXBIWXMAAA7EAAAOxAGVKw4bAAAAM0lEQVR42u3BgQAAAADDoPlTH+ECVQEAAAAAAAAAAAAAAAAAAAAAAAAAAAAAAAAAAABwDXIFAAEUjAA3AAAAAElFTkSuQmCC\" data-attachment-id=\"516\" data-permalink=\"https:\/\/www.agnesmeissonnier.com\/affiche\/\" data-orig-file=\"https:\/\/i0.wp.com\/www.agnesmeissonnier.com\/wp-content\/uploads\/2019\/02\/affiche.jpg?fit=2480%2C3508&amp;ssl=1\" data-orig-size=\"2480,3508\" data-comments-opened=\"1\" data-image-meta=\"{&quot;aperture&quot;:&quot;0&quot;,&quot;credit&quot;:&quot;&quot;,&quot;camera&quot;:&quot;&quot;,&quot;caption&quot;:&quot;&quot;,&quot;created_timestamp&quot;:&quot;0&quot;,&quot;copyright&quot;:&quot;&quot;,&quot;focal_length&quot;:&quot;0&quot;,&quot;iso&quot;:&quot;0&quot;,&quot;shutter_speed&quot;:&quot;0&quot;,&quot;title&quot;:&quot;&quot;,&quot;orientation&quot;:&quot;1&quot;}\" data-image-title=\"affiche\" data-image-description=\"&lt;p&gt;Illustration et affiche r\u00e9alis\u00e9e avec humour pour un film culte \u00ab\u00a0Tchao Pantin\u00a0\u00bb&lt;\/p&gt;\n\" data-image-caption=\"&lt;p&gt;Affiche d\u00e9cal\u00e9e r\u00e9alis\u00e9e pour un film culte \u00ab\u00a0Tchao Pantin\u00a0\u00bb&lt;\/p&gt;\n\" data-medium-file=\"https:\/\/i0.wp.com\/www.agnesmeissonnier.com\/wp-content\/uploads\/2019\/02\/affiche.jpg?fit=212%2C300&amp;ssl=1\" data-large-file=\"https:\/\/i0.wp.com\/www.agnesmeissonnier.com\/wp-content\/uploads\/2019\/02\/affiche.jpg?fit=724%2C1024&amp;ssl=1\" \/><\/div><\/a><\/div><\/div><div class=\"gt3pg-isotope-item loading \" ><div class=\"isotope_item-wrapper\"><a href=\"https:\/\/i0.wp.com\/www.agnesmeissonnier.com\/wp-content\/uploads\/2020\/05\/fete-des-plantes.jpg?fit=707%2C1000&#038;ssl=1\" class=\"gt3pg-lightbox\" data-elementor-open-lightbox=\"no\"><div class=\"img-wrapper \"><img loading=\"lazy\" decoding=\"async\" width=\"707\" height=\"1000\" src=\"https:\/\/i0.wp.com\/www.agnesmeissonnier.com\/wp-content\/uploads\/2020\/05\/fete-des-plantes.jpg?fit=707%2C1000&amp;ssl=1\" class=\"skip-lazy gt3-lazy-image\" alt=\"\" data-lazy-srcset=\"https:\/\/i0.wp.com\/www.agnesmeissonnier.com\/wp-content\/uploads\/2020\/05\/fete-des-plantes.jpg?w=707&amp;ssl=1 707w, https:\/\/i0.wp.com\/www.agnesmeissonnier.com\/wp-content\/uploads\/2020\/05\/fete-des-plantes.jpg?resize=212%2C300&amp;ssl=1 212w, https:\/\/i0.wp.com\/www.agnesmeissonnier.com\/wp-content\/uploads\/2020\/05\/fete-des-plantes.jpg?resize=500%2C707&amp;ssl=1 500w\" data-lazy-sizes=\"(max-width: 707px) 100vw, 707px\" data-lazy-src=\"https:\/\/i0.wp.com\/www.agnesmeissonnier.com\/wp-content\/uploads\/2020\/05\/fete-des-plantes.jpg?fit=707%2C1000&amp;ssl=1&amp;is-pending-load=1\" srcset=\"data:image\/png;base64,iVBORw0KGgoAAAANSUhEUgAAAEcAAABkCAYAAADUiC2HAAAACXBIWXMAAA7EAAAOxAGVKw4bAAAAMklEQVR42u3BMQEAAADCoPVPbQwfoAAAAAAAAAAAAAAAAAAAAAAAAAAAAAAAAAAAAOBjb1QAATSSlS0AAAAASUVORK5CYII=\" data-attachment-id=\"3100\" data-permalink=\"https:\/\/www.agnesmeissonnier.com\/fete-des-plantes\/\" data-orig-file=\"https:\/\/i0.wp.com\/www.agnesmeissonnier.com\/wp-content\/uploads\/2020\/05\/fete-des-plantes.jpg?fit=707%2C1000&amp;ssl=1\" data-orig-size=\"707,1000\" data-comments-opened=\"1\" data-image-meta=\"{&quot;aperture&quot;:&quot;0&quot;,&quot;credit&quot;:&quot;&quot;,&quot;camera&quot;:&quot;&quot;,&quot;caption&quot;:&quot;&quot;,&quot;created_timestamp&quot;:&quot;0&quot;,&quot;copyright&quot;:&quot;&quot;,&quot;focal_length&quot;:&quot;0&quot;,&quot;iso&quot;:&quot;0&quot;,&quot;shutter_speed&quot;:&quot;0&quot;,&quot;title&quot;:&quot;&quot;,&quot;orientation&quot;:&quot;0&quot;}\" data-image-title=\"fete-des-plantes\" data-image-description=\"\" data-image-caption=\"\" data-medium-file=\"https:\/\/i0.wp.com\/www.agnesmeissonnier.com\/wp-content\/uploads\/2020\/05\/fete-des-plantes.jpg?fit=212%2C300&amp;ssl=1\" data-large-file=\"https:\/\/i0.wp.com\/www.agnesmeissonnier.com\/wp-content\/uploads\/2020\/05\/fete-des-plantes.jpg?fit=707%2C1000&amp;ssl=1\" \/><\/div><\/a><\/div><\/div><div class=\"gt3pg-isotope-item loading \" ><div class=\"isotope_item-wrapper\"><a href=\"https:\/\/i0.wp.com\/www.agnesmeissonnier.com\/wp-content\/uploads\/2019\/02\/mockup-galerie-tchaopantin.jpg?fit=1024%2C768&#038;ssl=1\" class=\"gt3pg-lightbox\" data-elementor-open-lightbox=\"no\"><div class=\"img-wrapper \"><img loading=\"lazy\" decoding=\"async\" width=\"1024\" height=\"768\" src=\"https:\/\/i0.wp.com\/www.agnesmeissonnier.com\/wp-content\/uploads\/2019\/02\/mockup-galerie-tchaopantin.jpg?fit=1024%2C768&amp;ssl=1\" class=\"skip-lazy gt3-lazy-image\" alt=\"\" data-lazy-srcset=\"https:\/\/i0.wp.com\/www.agnesmeissonnier.com\/wp-content\/uploads\/2019\/02\/mockup-galerie-tchaopantin.jpg?w=1333&amp;ssl=1 1333w, https:\/\/i0.wp.com\/www.agnesmeissonnier.com\/wp-content\/uploads\/2019\/02\/mockup-galerie-tchaopantin.jpg?resize=300%2C225&amp;ssl=1 300w, https:\/\/i0.wp.com\/www.agnesmeissonnier.com\/wp-content\/uploads\/2019\/02\/mockup-galerie-tchaopantin.jpg?resize=768%2C576&amp;ssl=1 768w, https:\/\/i0.wp.com\/www.agnesmeissonnier.com\/wp-content\/uploads\/2019\/02\/mockup-galerie-tchaopantin.jpg?resize=1024%2C768&amp;ssl=1 1024w\" data-lazy-sizes=\"(max-width: 1024px) 100vw, 1024px\" data-lazy-src=\"https:\/\/i0.wp.com\/www.agnesmeissonnier.com\/wp-content\/uploads\/2019\/02\/mockup-galerie-tchaopantin.jpg?fit=1024%2C768&amp;ssl=1&amp;is-pending-load=1\" srcset=\"data:image\/png;base64,iVBORw0KGgoAAAANSUhEUgAAAGYAAABMCAYAAACf6MIyAAAACXBIWXMAAA7EAAAOxAGVKw4bAAAANUlEQVR42u3BMQEAAADCoPVPbQwfoAAAAAAAAAAAAAAAAAAAAAAAAAAAAAAAAAAAAAAAAH4GeWwAAXV5w0wAAAAASUVORK5CYII=\" data-attachment-id=\"47\" data-permalink=\"https:\/\/www.agnesmeissonnier.com\/mockup-galerie-tchaopantin\/\" data-orig-file=\"https:\/\/i0.wp.com\/www.agnesmeissonnier.com\/wp-content\/uploads\/2019\/02\/mockup-galerie-tchaopantin.jpg?fit=1333%2C1000&amp;ssl=1\" data-orig-size=\"1333,1000\" data-comments-opened=\"1\" data-image-meta=\"{&quot;aperture&quot;:&quot;0&quot;,&quot;credit&quot;:&quot;&quot;,&quot;camera&quot;:&quot;&quot;,&quot;caption&quot;:&quot;&quot;,&quot;created_timestamp&quot;:&quot;0&quot;,&quot;copyright&quot;:&quot;&quot;,&quot;focal_length&quot;:&quot;0&quot;,&quot;iso&quot;:&quot;0&quot;,&quot;shutter_speed&quot;:&quot;0&quot;,&quot;title&quot;:&quot;&quot;,&quot;orientation&quot;:&quot;0&quot;}\" data-image-title=\"mockup-galerie-tchaopantin\" data-image-description=\"\" data-image-caption=\"\" data-medium-file=\"https:\/\/i0.wp.com\/www.agnesmeissonnier.com\/wp-content\/uploads\/2019\/02\/mockup-galerie-tchaopantin.jpg?fit=300%2C225&amp;ssl=1\" data-large-file=\"https:\/\/i0.wp.com\/www.agnesmeissonnier.com\/wp-content\/uploads\/2019\/02\/mockup-galerie-tchaopantin.jpg?fit=1024%2C768&amp;ssl=1\" \/><\/div><\/a><\/div><\/div><div class=\"gt3pg-isotope-item loading \" ><div class=\"isotope_item-wrapper\"><a href=\"https:\/\/i0.wp.com\/www.agnesmeissonnier.com\/wp-content\/uploads\/2019\/02\/cg-affiche.jpg?fit=750%2C1000&#038;ssl=1\" class=\"gt3pg-lightbox\" data-elementor-open-lightbox=\"no\"><div class=\"img-wrapper \"><img loading=\"lazy\" decoding=\"async\" width=\"750\" height=\"1000\" src=\"https:\/\/i0.wp.com\/www.agnesmeissonnier.com\/wp-content\/uploads\/2019\/02\/cg-affiche.jpg?fit=750%2C1000&amp;ssl=1\" class=\"skip-lazy gt3-lazy-image\" alt=\"publicit\u00e9 de SEKOIA Eco camp\" data-lazy-srcset=\"https:\/\/i0.wp.com\/www.agnesmeissonnier.com\/wp-content\/uploads\/2019\/02\/cg-affiche.jpg?w=750&amp;ssl=1 750w, https:\/\/i0.wp.com\/www.agnesmeissonnier.com\/wp-content\/uploads\/2019\/02\/cg-affiche.jpg?resize=225%2C300&amp;ssl=1 225w\" data-lazy-sizes=\"(max-width: 750px) 100vw, 750px\" data-lazy-src=\"https:\/\/i0.wp.com\/www.agnesmeissonnier.com\/wp-content\/uploads\/2019\/02\/cg-affiche.jpg?fit=750%2C1000&amp;ssl=1&amp;is-pending-load=1\" srcset=\"data:image\/png;base64,iVBORw0KGgoAAAANSUhEUgAAAEsAAABkCAYAAADOtM0JAAAACXBIWXMAAA7EAAAOxAGVKw4bAAAANElEQVR42u3BAQ0AAADCoPdPbQ43oAAAAAAAAAAAAAAAAAAAAAAAAAAAAAAAAAAAAAAAfgx1lAABLpXWfAAAAABJRU5ErkJggg==\" data-attachment-id=\"65\" data-permalink=\"https:\/\/www.agnesmeissonnier.com\/cg-affiche\/\" data-orig-file=\"https:\/\/i0.wp.com\/www.agnesmeissonnier.com\/wp-content\/uploads\/2019\/02\/cg-affiche.jpg?fit=750%2C1000&amp;ssl=1\" data-orig-size=\"750,1000\" data-comments-opened=\"1\" data-image-meta=\"{&quot;aperture&quot;:&quot;0&quot;,&quot;credit&quot;:&quot;&quot;,&quot;camera&quot;:&quot;&quot;,&quot;caption&quot;:&quot;&quot;,&quot;created_timestamp&quot;:&quot;0&quot;,&quot;copyright&quot;:&quot;&quot;,&quot;focal_length&quot;:&quot;0&quot;,&quot;iso&quot;:&quot;0&quot;,&quot;shutter_speed&quot;:&quot;0&quot;,&quot;title&quot;:&quot;&quot;,&quot;orientation&quot;:&quot;0&quot;}\" data-image-title=\"cg-affiche\" data-image-description=\"\" data-image-caption=\"&lt;p&gt;Affiche publicitaire de SEKOIA Eco camp&lt;\/p&gt;\n\" data-medium-file=\"https:\/\/i0.wp.com\/www.agnesmeissonnier.com\/wp-content\/uploads\/2019\/02\/cg-affiche.jpg?fit=225%2C300&amp;ssl=1\" data-large-file=\"https:\/\/i0.wp.com\/www.agnesmeissonnier.com\/wp-content\/uploads\/2019\/02\/cg-affiche.jpg?fit=750%2C1000&amp;ssl=1\" \/><\/div><\/a><\/div><\/div><div class=\"gt3pg-isotope-item loading \" ><div class=\"isotope_item-wrapper\"><a href=\"https:\/\/i0.wp.com\/www.agnesmeissonnier.com\/wp-content\/uploads\/2019\/02\/jpm-portrait.jpg?fit=707%2C1000&#038;ssl=1\" class=\"gt3pg-lightbox\" data-elementor-open-lightbox=\"no\"><div class=\"img-wrapper \"><img loading=\"lazy\" decoding=\"async\" width=\"707\" height=\"1000\" src=\"https:\/\/i0.wp.com\/www.agnesmeissonnier.com\/wp-content\/uploads\/2019\/02\/jpm-portrait.jpg?fit=707%2C1000&amp;ssl=1\" class=\"skip-lazy gt3-lazy-image\" alt=\"Affiche couvrant l&#039;\u00e9v\u00e8nement des journ\u00e9es du patrimoine \u00e0 Marseille\" data-lazy-srcset=\"https:\/\/i0.wp.com\/www.agnesmeissonnier.com\/wp-content\/uploads\/2019\/02\/jpm-portrait.jpg?w=707&amp;ssl=1 707w, https:\/\/i0.wp.com\/www.agnesmeissonnier.com\/wp-content\/uploads\/2019\/02\/jpm-portrait.jpg?resize=212%2C300&amp;ssl=1 212w\" data-lazy-sizes=\"(max-width: 707px) 100vw, 707px\" data-lazy-src=\"https:\/\/i0.wp.com\/www.agnesmeissonnier.com\/wp-content\/uploads\/2019\/02\/jpm-portrait.jpg?fit=707%2C1000&amp;ssl=1&amp;is-pending-load=1\" srcset=\"data:image\/png;base64,iVBORw0KGgoAAAANSUhEUgAAAEcAAABkCAYAAADUiC2HAAAACXBIWXMAAA7EAAAOxAGVKw4bAAAAMklEQVR42u3BMQEAAADCoPVPbQwfoAAAAAAAAAAAAAAAAAAAAAAAAAAAAAAAAAAAAOBjb1QAATSSlS0AAAAASUVORK5CYII=\" data-attachment-id=\"97\" data-permalink=\"https:\/\/www.agnesmeissonnier.com\/jpm-portrait\/\" data-orig-file=\"https:\/\/i0.wp.com\/www.agnesmeissonnier.com\/wp-content\/uploads\/2019\/02\/jpm-portrait.jpg?fit=707%2C1000&amp;ssl=1\" data-orig-size=\"707,1000\" data-comments-opened=\"1\" data-image-meta=\"{&quot;aperture&quot;:&quot;0&quot;,&quot;credit&quot;:&quot;&quot;,&quot;camera&quot;:&quot;&quot;,&quot;caption&quot;:&quot;&quot;,&quot;created_timestamp&quot;:&quot;0&quot;,&quot;copyright&quot;:&quot;&quot;,&quot;focal_length&quot;:&quot;0&quot;,&quot;iso&quot;:&quot;0&quot;,&quot;shutter_speed&quot;:&quot;0&quot;,&quot;title&quot;:&quot;&quot;,&quot;orientation&quot;:&quot;0&quot;}\" data-image-title=\"jpm-portrait\" data-image-description=\"&lt;p&gt;Affiche pour promouvoir les journ\u00e9es du patrimoine \u00e0 Marseille&lt;\/p&gt;\n\" data-image-caption=\"&lt;p&gt;Affiche Ev\u00e8nement Journ\u00e9es du Patrimoine \u00e0 Marseille&lt;\/p&gt;\n\" data-medium-file=\"https:\/\/i0.wp.com\/www.agnesmeissonnier.com\/wp-content\/uploads\/2019\/02\/jpm-portrait.jpg?fit=212%2C300&amp;ssl=1\" data-large-file=\"https:\/\/i0.wp.com\/www.agnesmeissonnier.com\/wp-content\/uploads\/2019\/02\/jpm-portrait.jpg?fit=707%2C1000&amp;ssl=1\" \/><\/div><\/a><\/div><\/div><div class=\"gt3pg-isotope-item loading \" ><div class=\"isotope_item-wrapper\"><a href=\"https:\/\/i0.wp.com\/www.agnesmeissonnier.com\/wp-content\/uploads\/2019\/05\/AFFICHE-F%C3%AAte-du-pain-RIBIERS-2019-e1566564113959.jpg?fit=724%2C1024&#038;ssl=1\" class=\"gt3pg-lightbox\" data-elementor-open-lightbox=\"no\"><div class=\"img-wrapper \"><img loading=\"lazy\" decoding=\"async\" width=\"724\" height=\"1024\" src=\"https:\/\/i0.wp.com\/www.agnesmeissonnier.com\/wp-content\/uploads\/2019\/05\/AFFICHE-F%C3%AAte-du-pain-RIBIERS-2019-e1566564113959.jpg?fit=724%2C1024&amp;ssl=1\" class=\"skip-lazy gt3-lazy-image\" alt=\"affiche r\u00e9alis\u00e9e pour la mairie de Ribiers \u00e0 l&#039;occasion de la f\u00eate du pain du 7 juin\" data-lazy-src=\"https:\/\/i0.wp.com\/www.agnesmeissonnier.com\/wp-content\/uploads\/2019\/05\/AFFICHE-F%C3%AAte-du-pain-RIBIERS-2019-e1566564113959.jpg?fit=724%2C1024&amp;ssl=1&amp;is-pending-load=1\" srcset=\"data:image\/png;base64,iVBORw0KGgoAAAANSUhEUgAAAEgAAABlCAYAAADu36WvAAAACXBIWXMAAA7EAAAOxAGVKw4bAAAAM0lEQVR42u3BgQAAAADDoPlTH+ECVQEAAAAAAAAAAAAAAAAAAAAAAAAAAAAAAAAAAABwDXIFAAEUjAA3AAAAAElFTkSuQmCC\" data-attachment-id=\"1398\" data-permalink=\"https:\/\/www.agnesmeissonnier.com\/affiche-fete-du-pain-ribiers-2019\/\" data-orig-file=\"https:\/\/i0.wp.com\/www.agnesmeissonnier.com\/wp-content\/uploads\/2019\/05\/AFFICHE-F%C3%AAte-du-pain-RIBIERS-2019-e1566564113959.jpg?fit=500%2C707&amp;ssl=1\" data-orig-size=\"500,707\" data-comments-opened=\"1\" data-image-meta=\"{&quot;aperture&quot;:&quot;0&quot;,&quot;credit&quot;:&quot;&quot;,&quot;camera&quot;:&quot;&quot;,&quot;caption&quot;:&quot;&quot;,&quot;created_timestamp&quot;:&quot;0&quot;,&quot;copyright&quot;:&quot;&quot;,&quot;focal_length&quot;:&quot;0&quot;,&quot;iso&quot;:&quot;0&quot;,&quot;shutter_speed&quot;:&quot;0&quot;,&quot;title&quot;:&quot;&quot;,&quot;orientation&quot;:&quot;0&quot;}\" data-image-title=\"AFFICHE F\u00eate du pain RIBIERS 2019\" data-image-description=\"&lt;p&gt;Affiche r\u00e9alis\u00e9e pour la Mairie de Ribiers \u00e0 l&amp;rsquo;occasion de la f\u00eate du pain. Th\u00e8me de cette ann\u00e9e : la bioclimatique et le r\u00e9chauffement de la plan\u00e8te&lt;\/p&gt;\n\" data-image-caption=\"&lt;p&gt;Affiche F\u00eate du Pain &#8211; juin 2019 &#8211; \u00e0 RIBIERS &lt;\/p&gt;\n\" data-medium-file=\"https:\/\/i0.wp.com\/www.agnesmeissonnier.com\/wp-content\/uploads\/2019\/05\/AFFICHE-F%C3%AAte-du-pain-RIBIERS-2019-e1566564113959.jpg?fit=212%2C300&amp;ssl=1\" data-large-file=\"https:\/\/i0.wp.com\/www.agnesmeissonnier.com\/wp-content\/uploads\/2019\/05\/AFFICHE-F%C3%AAte-du-pain-RIBIERS-2019-e1566564113959.jpg?fit=724%2C1024&amp;ssl=1\" \/><\/div><\/a><\/div><\/div><div class=\"gt3pg-isotope-item loading \" ><div class=\"isotope_item-wrapper\"><a href=\"https:\/\/i0.wp.com\/www.agnesmeissonnier.com\/wp-content\/uploads\/2019\/02\/Agence-de-Voyage-mars.jpg?fit=1024%2C730&#038;ssl=1\" class=\"gt3pg-lightbox\" data-elementor-open-lightbox=\"no\"><div class=\"img-wrapper \"><img loading=\"lazy\" decoding=\"async\" width=\"1024\" height=\"730\" src=\"https:\/\/i0.wp.com\/www.agnesmeissonnier.com\/wp-content\/uploads\/2019\/02\/Agence-de-Voyage-mars.jpg?fit=1024%2C730&amp;ssl=1\" class=\"skip-lazy gt3-lazy-image\" alt=\"Publicit\u00e9 pour une agence de voyage\" data-lazy-srcset=\"https:\/\/i0.wp.com\/www.agnesmeissonnier.com\/wp-content\/uploads\/2019\/02\/Agence-de-Voyage-mars.jpg?w=1403&amp;ssl=1 1403w, https:\/\/i0.wp.com\/www.agnesmeissonnier.com\/wp-content\/uploads\/2019\/02\/Agence-de-Voyage-mars.jpg?resize=300%2C214&amp;ssl=1 300w, https:\/\/i0.wp.com\/www.agnesmeissonnier.com\/wp-content\/uploads\/2019\/02\/Agence-de-Voyage-mars.jpg?resize=768%2C547&amp;ssl=1 768w, https:\/\/i0.wp.com\/www.agnesmeissonnier.com\/wp-content\/uploads\/2019\/02\/Agence-de-Voyage-mars.jpg?resize=1024%2C730&amp;ssl=1 1024w\" data-lazy-sizes=\"(max-width: 1024px) 100vw, 1024px\" data-lazy-src=\"https:\/\/i0.wp.com\/www.agnesmeissonnier.com\/wp-content\/uploads\/2019\/02\/Agence-de-Voyage-mars.jpg?fit=1024%2C730&amp;ssl=1&amp;is-pending-load=1\" srcset=\"data:image\/png;base64,iVBORw0KGgoAAAANSUhEUgAAAGYAAABICAYAAAAEeYAkAAAACXBIWXMAAA7EAAAOxAGVKw4bAAAAM0lEQVR42u3BgQAAAADDoPlTH+ECVQEAAAAAAAAAAAAAAAAAAAAAAAAAAAAAAAAAAADAN3MIAAFVs0dTAAAAAElFTkSuQmCC\" data-attachment-id=\"38\" data-permalink=\"https:\/\/www.agnesmeissonnier.com\/agence-de-voyage-mars\/\" data-orig-file=\"https:\/\/i0.wp.com\/www.agnesmeissonnier.com\/wp-content\/uploads\/2019\/02\/Agence-de-Voyage-mars.jpg?fit=1403%2C1000&amp;ssl=1\" data-orig-size=\"1403,1000\" data-comments-opened=\"1\" data-image-meta=\"{&quot;aperture&quot;:&quot;0&quot;,&quot;credit&quot;:&quot;&quot;,&quot;camera&quot;:&quot;&quot;,&quot;caption&quot;:&quot;&quot;,&quot;created_timestamp&quot;:&quot;0&quot;,&quot;copyright&quot;:&quot;&quot;,&quot;focal_length&quot;:&quot;0&quot;,&quot;iso&quot;:&quot;0&quot;,&quot;shutter_speed&quot;:&quot;0&quot;,&quot;title&quot;:&quot;&quot;,&quot;orientation&quot;:&quot;0&quot;}\" data-image-title=\"Agence-de-Voyage-mars\" data-image-description=\"&lt;p&gt;Affiche r\u00e9alis\u00e9e pour promouvoir une agence de voyage&lt;\/p&gt;\n\" data-image-caption=\"&lt;p&gt;Affiche publicit\u00e9 Agence de Voyage&lt;\/p&gt;\n\" data-medium-file=\"https:\/\/i0.wp.com\/www.agnesmeissonnier.com\/wp-content\/uploads\/2019\/02\/Agence-de-Voyage-mars.jpg?fit=300%2C214&amp;ssl=1\" data-large-file=\"https:\/\/i0.wp.com\/www.agnesmeissonnier.com\/wp-content\/uploads\/2019\/02\/Agence-de-Voyage-mars.jpg?fit=1024%2C730&amp;ssl=1\" \/><\/div><\/a><\/div><\/div><div class=\"gt3pg-isotope-item loading \" ><div class=\"isotope_item-wrapper\"><a href=\"https:\/\/i0.wp.com\/www.agnesmeissonnier.com\/wp-content\/uploads\/2019\/02\/mockupagencevoyage.jpg?fit=1024%2C768&#038;ssl=1\" class=\"gt3pg-lightbox\" data-elementor-open-lightbox=\"no\"><div class=\"img-wrapper \"><img loading=\"lazy\" decoding=\"async\" width=\"1024\" height=\"768\" src=\"https:\/\/i0.wp.com\/www.agnesmeissonnier.com\/wp-content\/uploads\/2019\/02\/mockupagencevoyage.jpg?fit=1024%2C768&amp;ssl=1\" class=\"skip-lazy gt3-lazy-image\" alt=\"Pr\u00e9sentation affiche publicitaire d&#039;une agence de voyage\" data-lazy-srcset=\"https:\/\/i0.wp.com\/www.agnesmeissonnier.com\/wp-content\/uploads\/2019\/02\/mockupagencevoyage.jpg?w=1333&amp;ssl=1 1333w, https:\/\/i0.wp.com\/www.agnesmeissonnier.com\/wp-content\/uploads\/2019\/02\/mockupagencevoyage.jpg?resize=300%2C225&amp;ssl=1 300w, https:\/\/i0.wp.com\/www.agnesmeissonnier.com\/wp-content\/uploads\/2019\/02\/mockupagencevoyage.jpg?resize=768%2C576&amp;ssl=1 768w, https:\/\/i0.wp.com\/www.agnesmeissonnier.com\/wp-content\/uploads\/2019\/02\/mockupagencevoyage.jpg?resize=1024%2C768&amp;ssl=1 1024w\" data-lazy-sizes=\"(max-width: 1024px) 100vw, 1024px\" data-lazy-src=\"https:\/\/i0.wp.com\/www.agnesmeissonnier.com\/wp-content\/uploads\/2019\/02\/mockupagencevoyage.jpg?fit=1024%2C768&amp;ssl=1&amp;is-pending-load=1\" srcset=\"data:image\/png;base64,iVBORw0KGgoAAAANSUhEUgAAAGYAAABMCAYAAACf6MIyAAAACXBIWXMAAA7EAAAOxAGVKw4bAAAANUlEQVR42u3BMQEAAADCoPVPbQwfoAAAAAAAAAAAAAAAAAAAAAAAAAAAAAAAAAAAAAAAAH4GeWwAAXV5w0wAAAAASUVORK5CYII=\" data-attachment-id=\"54\" data-permalink=\"https:\/\/www.agnesmeissonnier.com\/mockupagencevoyage\/\" data-orig-file=\"https:\/\/i0.wp.com\/www.agnesmeissonnier.com\/wp-content\/uploads\/2019\/02\/mockupagencevoyage.jpg?fit=1333%2C1000&amp;ssl=1\" data-orig-size=\"1333,1000\" data-comments-opened=\"1\" data-image-meta=\"{&quot;aperture&quot;:&quot;0&quot;,&quot;credit&quot;:&quot;&quot;,&quot;camera&quot;:&quot;&quot;,&quot;caption&quot;:&quot;&quot;,&quot;created_timestamp&quot;:&quot;0&quot;,&quot;copyright&quot;:&quot;&quot;,&quot;focal_length&quot;:&quot;0&quot;,&quot;iso&quot;:&quot;0&quot;,&quot;shutter_speed&quot;:&quot;0&quot;,&quot;title&quot;:&quot;&quot;,&quot;orientation&quot;:&quot;0&quot;}\" data-image-title=\"mockupagencevoyage\" data-image-description=\"&lt;p&gt;mockup pour pr\u00e9senter l&amp;rsquo;affiche publicitaire de l&amp;rsquo;agence de voyage&lt;\/p&gt;\n\" data-image-caption=\"&lt;p&gt;Mise en situation Affiche Agence de Voyage&lt;\/p&gt;\n\" data-medium-file=\"https:\/\/i0.wp.com\/www.agnesmeissonnier.com\/wp-content\/uploads\/2019\/02\/mockupagencevoyage.jpg?fit=300%2C225&amp;ssl=1\" data-large-file=\"https:\/\/i0.wp.com\/www.agnesmeissonnier.com\/wp-content\/uploads\/2019\/02\/mockupagencevoyage.jpg?fit=1024%2C768&amp;ssl=1\" \/><\/div><\/a><\/div><\/div><div class=\"gt3pg-isotope-item loading \" ><div class=\"isotope_item-wrapper\"><a href=\"https:\/\/i0.wp.com\/www.agnesmeissonnier.com\/wp-content\/uploads\/2019\/02\/mockup-co2.jpg?fit=750%2C1000&#038;ssl=1\" class=\"gt3pg-lightbox\" data-elementor-open-lightbox=\"no\"><div class=\"img-wrapper \"><img loading=\"lazy\" decoding=\"async\" width=\"750\" height=\"1000\" src=\"https:\/\/i0.wp.com\/www.agnesmeissonnier.com\/wp-content\/uploads\/2019\/02\/mockup-co2.jpg?fit=750%2C1000&amp;ssl=1\" class=\"skip-lazy gt3-lazy-image\" alt=\"Pr\u00e9sentation de l&#039;affiche de sensibilisation sur les effets n\u00e9fastes du CO2 sur notre plan\u00e8te\" data-lazy-srcset=\"https:\/\/i0.wp.com\/www.agnesmeissonnier.com\/wp-content\/uploads\/2019\/02\/mockup-co2.jpg?w=750&amp;ssl=1 750w, https:\/\/i0.wp.com\/www.agnesmeissonnier.com\/wp-content\/uploads\/2019\/02\/mockup-co2.jpg?resize=225%2C300&amp;ssl=1 225w\" data-lazy-sizes=\"(max-width: 750px) 100vw, 750px\" data-lazy-src=\"https:\/\/i0.wp.com\/www.agnesmeissonnier.com\/wp-content\/uploads\/2019\/02\/mockup-co2.jpg?fit=750%2C1000&amp;ssl=1&amp;is-pending-load=1\" srcset=\"data:image\/png;base64,iVBORw0KGgoAAAANSUhEUgAAAEsAAABkCAYAAADOtM0JAAAACXBIWXMAAA7EAAAOxAGVKw4bAAAANElEQVR42u3BAQ0AAADCoPdPbQ43oAAAAAAAAAAAAAAAAAAAAAAAAAAAAAAAAAAAAAAAfgx1lAABLpXWfAAAAABJRU5ErkJggg==\" data-attachment-id=\"50\" data-permalink=\"https:\/\/www.agnesmeissonnier.com\/mockup-co2\/\" data-orig-file=\"https:\/\/i0.wp.com\/www.agnesmeissonnier.com\/wp-content\/uploads\/2019\/02\/mockup-co2.jpg?fit=750%2C1000&amp;ssl=1\" data-orig-size=\"750,1000\" data-comments-opened=\"1\" data-image-meta=\"{&quot;aperture&quot;:&quot;0&quot;,&quot;credit&quot;:&quot;&quot;,&quot;camera&quot;:&quot;&quot;,&quot;caption&quot;:&quot;&quot;,&quot;created_timestamp&quot;:&quot;0&quot;,&quot;copyright&quot;:&quot;&quot;,&quot;focal_length&quot;:&quot;0&quot;,&quot;iso&quot;:&quot;0&quot;,&quot;shutter_speed&quot;:&quot;0&quot;,&quot;title&quot;:&quot;&quot;,&quot;orientation&quot;:&quot;0&quot;}\" data-image-title=\"mockup-co2\" data-image-description=\"&lt;p&gt;mockup pour pr\u00e9senter l&amp;rsquo;affiche de sensibilisation concernant les effets n\u00e9fastes sur CO2 sur notre plan\u00e8te&lt;\/p&gt;\n\" data-image-caption=\"&lt;p&gt;Pr\u00e9sentation de la l&amp;rsquo;affiche de sensibilisation concernant les effets n\u00e9fastes du CO2&lt;\/p&gt;\n\" data-medium-file=\"https:\/\/i0.wp.com\/www.agnesmeissonnier.com\/wp-content\/uploads\/2019\/02\/mockup-co2.jpg?fit=225%2C300&amp;ssl=1\" data-large-file=\"https:\/\/i0.wp.com\/www.agnesmeissonnier.com\/wp-content\/uploads\/2019\/02\/mockup-co2.jpg?fit=750%2C1000&amp;ssl=1\" \/><\/div><\/a><\/div><\/div><div class=\"gt3pg-isotope-item loading \" ><div class=\"isotope_item-wrapper\"><a href=\"https:\/\/i0.wp.com\/www.agnesmeissonnier.com\/wp-content\/uploads\/2019\/02\/dior.jpg?fit=1024%2C730&#038;ssl=1\" class=\"gt3pg-lightbox\" data-elementor-open-lightbox=\"no\"><div class=\"img-wrapper \"><img loading=\"lazy\" decoding=\"async\" width=\"1024\" height=\"730\" src=\"https:\/\/i0.wp.com\/www.agnesmeissonnier.com\/wp-content\/uploads\/2019\/02\/dior.jpg?fit=1024%2C730&amp;ssl=1\" class=\"skip-lazy gt3-lazy-image\" alt=\"Affiche publicitaire pour une marque de parfum\" data-lazy-srcset=\"https:\/\/i0.wp.com\/www.agnesmeissonnier.com\/wp-content\/uploads\/2019\/02\/dior.jpg?w=1403&amp;ssl=1 1403w, https:\/\/i0.wp.com\/www.agnesmeissonnier.com\/wp-content\/uploads\/2019\/02\/dior.jpg?resize=300%2C214&amp;ssl=1 300w, https:\/\/i0.wp.com\/www.agnesmeissonnier.com\/wp-content\/uploads\/2019\/02\/dior.jpg?resize=768%2C547&amp;ssl=1 768w, https:\/\/i0.wp.com\/www.agnesmeissonnier.com\/wp-content\/uploads\/2019\/02\/dior.jpg?resize=1024%2C730&amp;ssl=1 1024w\" data-lazy-sizes=\"(max-width: 1024px) 100vw, 1024px\" data-lazy-src=\"https:\/\/i0.wp.com\/www.agnesmeissonnier.com\/wp-content\/uploads\/2019\/02\/dior.jpg?fit=1024%2C730&amp;ssl=1&amp;is-pending-load=1\" srcset=\"data:image\/png;base64,iVBORw0KGgoAAAANSUhEUgAAAGYAAABICAYAAAAEeYAkAAAACXBIWXMAAA7EAAAOxAGVKw4bAAAAM0lEQVR42u3BgQAAAADDoPlTH+ECVQEAAAAAAAAAAAAAAAAAAAAAAAAAAAAAAAAAAADAN3MIAAFVs0dTAAAAAElFTkSuQmCC\" data-attachment-id=\"40\" data-permalink=\"https:\/\/www.agnesmeissonnier.com\/dior\/\" data-orig-file=\"https:\/\/i0.wp.com\/www.agnesmeissonnier.com\/wp-content\/uploads\/2019\/02\/dior.jpg?fit=1403%2C1000&amp;ssl=1\" data-orig-size=\"1403,1000\" data-comments-opened=\"1\" data-image-meta=\"{&quot;aperture&quot;:&quot;0&quot;,&quot;credit&quot;:&quot;&quot;,&quot;camera&quot;:&quot;&quot;,&quot;caption&quot;:&quot;&quot;,&quot;created_timestamp&quot;:&quot;0&quot;,&quot;copyright&quot;:&quot;&quot;,&quot;focal_length&quot;:&quot;0&quot;,&quot;iso&quot;:&quot;0&quot;,&quot;shutter_speed&quot;:&quot;0&quot;,&quot;title&quot;:&quot;&quot;,&quot;orientation&quot;:&quot;0&quot;}\" data-image-title=\"Eau Sauvage DIOR\" data-image-description=\"&lt;p&gt;Affiche pour promouvoir le parfum d&amp;rsquo;une marque de parfum connue&lt;\/p&gt;\n\" data-image-caption=\"&lt;p&gt;Affiche publicitaire pour une marque de parfum&lt;\/p&gt;\n\" data-medium-file=\"https:\/\/i0.wp.com\/www.agnesmeissonnier.com\/wp-content\/uploads\/2019\/02\/dior.jpg?fit=300%2C214&amp;ssl=1\" data-large-file=\"https:\/\/i0.wp.com\/www.agnesmeissonnier.com\/wp-content\/uploads\/2019\/02\/dior.jpg?fit=1024%2C730&amp;ssl=1\" \/><\/div><\/a><\/div><\/div>\t\t\t<\/div>\r\n\t\t<\/div>\r\n\t\t<script type=\"application\/json\" id=\"settings--uid-d2978f67c8633cf1\">{\"lightbox\":{\"enable\":true,\"options\":{\"instance\":1}},\"id\":1,\"uid\":\"uid-d2978f67c8633cf1\",\"modules\":[\"Lightbox\"],\"lightboxArray\":[{\"href\":\"https:\\\/\\\/i0.wp.com\\\/www.agnesmeissonnier.com\\\/wp-content\\\/uploads\\\/2020\\\/05\\\/Affiche-2-GC-Immobilier-scaled.jpg?fit=2560%2C1810&ssl=1\",\"title\":\"Affiche-2-GC-Immobilier\",\"thumbnail\":\"https:\\\/\\\/i0.wp.com\\\/www.agnesmeissonnier.com\\\/wp-content\\\/uploads\\\/2020\\\/05\\\/Affiche-2-GC-Immobilier-scaled.jpg?resize=150%2C150&ssl=1\",\"description\":\"\",\"is_video\":0,\"image_id\":3173,\"width\":2560,\"height\":1810},{\"href\":\"https:\\\/\\\/i0.wp.com\\\/www.agnesmeissonnier.com\\\/wp-content\\\/uploads\\\/2020\\\/05\\\/Affiche-1-GC-Immobilier-scaled.jpg?fit=2560%2C1810&ssl=1\",\"title\":\"Affiche-1-GC-Immobilier\",\"thumbnail\":\"https:\\\/\\\/i0.wp.com\\\/www.agnesmeissonnier.com\\\/wp-content\\\/uploads\\\/2020\\\/05\\\/Affiche-1-GC-Immobilier-scaled.jpg?resize=150%2C150&ssl=1\",\"description\":\"\",\"is_video\":0,\"image_id\":3172,\"width\":2560,\"height\":1810},{\"href\":\"https:\\\/\\\/i0.wp.com\\\/www.agnesmeissonnier.com\\\/wp-content\\\/uploads\\\/2019\\\/08\\\/Mockup-flyer-f%C3%AAte-des-plantes-2019.jpg?fit=2560%2C2337&ssl=1\",\"title\":\"Mockup-flyer-f\\u00eate-des-plantes-2019\",\"thumbnail\":\"https:\\\/\\\/i0.wp.com\\\/www.agnesmeissonnier.com\\\/wp-content\\\/uploads\\\/2019\\\/08\\\/Mockup-flyer-f%C3%AAte-des-plantes-2019.jpg?resize=150%2C150&ssl=1\",\"description\":\"Flyer - d\\u00e9clinaison de l'affiche de la F\\u00eate des Plantes \\u00e0 Ribiers\",\"is_video\":0,\"image_id\":1450,\"width\":2560,\"height\":2337},{\"href\":\"https:\\\/\\\/i0.wp.com\\\/www.agnesmeissonnier.com\\\/wp-content\\\/uploads\\\/2019\\\/04\\\/Affiche-F%C3%AAte-des-Plantes-2019-e1556394114353.jpg?fit=620%2C877&ssl=1\",\"title\":\"Affiche f\\u00eate des plantes \\u00e0 RIBIERS\",\"thumbnail\":\"https:\\\/\\\/i0.wp.com\\\/www.agnesmeissonnier.com\\\/wp-content\\\/uploads\\\/2019\\\/04\\\/Affiche-F%C3%AAte-des-Plantes-2019-e1556394114353.jpg?resize=150%2C150&ssl=1\",\"description\":\"Affiche r\\u00e9alis\\u00e9e pour la prochaine f\\u00eate des plantes \\u00e0 RIBIERS\",\"is_video\":0,\"image_id\":1075,\"width\":620,\"height\":877},{\"href\":\"https:\\\/\\\/i0.wp.com\\\/www.agnesmeissonnier.com\\\/wp-content\\\/uploads\\\/2019\\\/08\\\/Outdoor-Ad-Screen-MockUp_3.jpg?fit=2560%2C1707&ssl=1\",\"title\":\"Outdoor-Ad-Screen-MockUp_3\",\"thumbnail\":\"https:\\\/\\\/i0.wp.com\\\/www.agnesmeissonnier.com\\\/wp-content\\\/uploads\\\/2019\\\/08\\\/Outdoor-Ad-Screen-MockUp_3.jpg?resize=150%2C150&ssl=1\",\"description\":\"Mise en situation de l'affiche de la F\\u00eate des Plantes \\u00e0 Ribiers\",\"is_video\":0,\"image_id\":1449,\"width\":2560,\"height\":1707},{\"href\":\"https:\\\/\\\/i0.wp.com\\\/www.agnesmeissonnier.com\\\/wp-content\\\/uploads\\\/2019\\\/02\\\/affiche.jpg?fit=2480%2C3508&ssl=1\",\"title\":\"affiche\",\"thumbnail\":\"https:\\\/\\\/i0.wp.com\\\/www.agnesmeissonnier.com\\\/wp-content\\\/uploads\\\/2019\\\/02\\\/affiche.jpg?resize=150%2C150&ssl=1\",\"description\":\"Affiche d\\u00e9cal\\u00e9e r\\u00e9alis\\u00e9e pour un film culte \\\"Tchao Pantin\\\"\",\"is_video\":0,\"image_id\":516,\"width\":2480,\"height\":3508},{\"href\":\"https:\\\/\\\/i0.wp.com\\\/www.agnesmeissonnier.com\\\/wp-content\\\/uploads\\\/2020\\\/05\\\/fete-des-plantes.jpg?fit=707%2C1000&ssl=1\",\"title\":\"fete-des-plantes\",\"thumbnail\":\"https:\\\/\\\/i0.wp.com\\\/www.agnesmeissonnier.com\\\/wp-content\\\/uploads\\\/2020\\\/05\\\/fete-des-plantes.jpg?resize=150%2C150&ssl=1\",\"description\":\"\",\"is_video\":0,\"image_id\":3100,\"width\":707,\"height\":1000},{\"href\":\"https:\\\/\\\/i0.wp.com\\\/www.agnesmeissonnier.com\\\/wp-content\\\/uploads\\\/2019\\\/02\\\/mockup-galerie-tchaopantin.jpg?fit=1333%2C1000&ssl=1\",\"title\":\"mockup-galerie-tchaopantin\",\"thumbnail\":\"https:\\\/\\\/i0.wp.com\\\/www.agnesmeissonnier.com\\\/wp-content\\\/uploads\\\/2019\\\/02\\\/mockup-galerie-tchaopantin.jpg?resize=150%2C150&ssl=1\",\"description\":\"\",\"is_video\":0,\"image_id\":47,\"width\":1333,\"height\":1000},{\"href\":\"https:\\\/\\\/i0.wp.com\\\/www.agnesmeissonnier.com\\\/wp-content\\\/uploads\\\/2019\\\/02\\\/cg-affiche.jpg?fit=750%2C1000&ssl=1\",\"title\":\"cg-affiche\",\"thumbnail\":\"https:\\\/\\\/i0.wp.com\\\/www.agnesmeissonnier.com\\\/wp-content\\\/uploads\\\/2019\\\/02\\\/cg-affiche.jpg?resize=150%2C150&ssl=1\",\"description\":\"Affiche publicitaire de SEKOIA Eco camp\",\"is_video\":0,\"image_id\":65,\"width\":750,\"height\":1000},{\"href\":\"https:\\\/\\\/i0.wp.com\\\/www.agnesmeissonnier.com\\\/wp-content\\\/uploads\\\/2019\\\/02\\\/jpm-portrait.jpg?fit=707%2C1000&ssl=1\",\"title\":\"jpm-portrait\",\"thumbnail\":\"https:\\\/\\\/i0.wp.com\\\/www.agnesmeissonnier.com\\\/wp-content\\\/uploads\\\/2019\\\/02\\\/jpm-portrait.jpg?resize=150%2C150&ssl=1\",\"description\":\"Affiche Ev\\u00e8nement Journ\\u00e9es du Patrimoine \\u00e0 Marseille\",\"is_video\":0,\"image_id\":97,\"width\":707,\"height\":1000},{\"href\":\"https:\\\/\\\/i0.wp.com\\\/www.agnesmeissonnier.com\\\/wp-content\\\/uploads\\\/2019\\\/05\\\/AFFICHE-F%C3%AAte-du-pain-RIBIERS-2019-e1566564113959.jpg?fit=500%2C707&ssl=1\",\"title\":\"AFFICHE F\\u00eate du pain RIBIERS 2019\",\"thumbnail\":\"https:\\\/\\\/i0.wp.com\\\/www.agnesmeissonnier.com\\\/wp-content\\\/uploads\\\/2019\\\/05\\\/AFFICHE-F%C3%AAte-du-pain-RIBIERS-2019-e1566564113959.jpg?resize=150%2C150&ssl=1\",\"description\":\"Affiche F\\u00eate du Pain - juin 2019 - \\u00e0 RIBIERS \",\"is_video\":0,\"image_id\":1398,\"width\":500,\"height\":707},{\"href\":\"https:\\\/\\\/i0.wp.com\\\/www.agnesmeissonnier.com\\\/wp-content\\\/uploads\\\/2019\\\/02\\\/Agence-de-Voyage-mars.jpg?fit=1403%2C1000&ssl=1\",\"title\":\"Agence-de-Voyage-mars\",\"thumbnail\":\"https:\\\/\\\/i0.wp.com\\\/www.agnesmeissonnier.com\\\/wp-content\\\/uploads\\\/2019\\\/02\\\/Agence-de-Voyage-mars.jpg?resize=150%2C150&ssl=1\",\"description\":\"Affiche publicit\\u00e9 Agence de Voyage\",\"is_video\":0,\"image_id\":38,\"width\":1403,\"height\":1000},{\"href\":\"https:\\\/\\\/i0.wp.com\\\/www.agnesmeissonnier.com\\\/wp-content\\\/uploads\\\/2019\\\/02\\\/mockupagencevoyage.jpg?fit=1333%2C1000&ssl=1\",\"title\":\"mockupagencevoyage\",\"thumbnail\":\"https:\\\/\\\/i0.wp.com\\\/www.agnesmeissonnier.com\\\/wp-content\\\/uploads\\\/2019\\\/02\\\/mockupagencevoyage.jpg?resize=150%2C150&ssl=1\",\"description\":\"Mise en situation Affiche Agence de Voyage\",\"is_video\":0,\"image_id\":54,\"width\":1333,\"height\":1000},{\"href\":\"https:\\\/\\\/i0.wp.com\\\/www.agnesmeissonnier.com\\\/wp-content\\\/uploads\\\/2019\\\/02\\\/mockup-co2.jpg?fit=750%2C1000&ssl=1\",\"title\":\"mockup-co2\",\"thumbnail\":\"https:\\\/\\\/i0.wp.com\\\/www.agnesmeissonnier.com\\\/wp-content\\\/uploads\\\/2019\\\/02\\\/mockup-co2.jpg?resize=150%2C150&ssl=1\",\"description\":\"Pr\\u00e9sentation de la l'affiche de sensibilisation concernant les effets n\\u00e9fastes du CO2\",\"is_video\":0,\"image_id\":50,\"width\":750,\"height\":1000},{\"href\":\"https:\\\/\\\/i0.wp.com\\\/www.agnesmeissonnier.com\\\/wp-content\\\/uploads\\\/2019\\\/02\\\/dior.jpg?fit=1403%2C1000&ssl=1\",\"title\":\"Eau Sauvage DIOR\",\"thumbnail\":\"https:\\\/\\\/i0.wp.com\\\/www.agnesmeissonnier.com\\\/wp-content\\\/uploads\\\/2019\\\/02\\\/dior.jpg?resize=150%2C150&ssl=1\",\"description\":\"Affiche publicitaire pour une marque de parfum\",\"is_video\":0,\"image_id\":40,\"width\":1403,\"height\":1000}],\"items\":[{\"href\":\"https:\\\/\\\/i0.wp.com\\\/www.agnesmeissonnier.com\\\/wp-content\\\/uploads\\\/2020\\\/05\\\/Affiche-2-GC-Immobilier-scaled.jpg?fit=2560%2C1810&ssl=1\",\"title\":\"Affiche-2-GC-Immobilier\",\"thumbnail\":\"https:\\\/\\\/i0.wp.com\\\/www.agnesmeissonnier.com\\\/wp-content\\\/uploads\\\/2020\\\/05\\\/Affiche-2-GC-Immobilier-scaled.jpg?resize=150%2C150&ssl=1\",\"description\":\"\",\"is_video\":0,\"image_id\":3173,\"width\":2560,\"height\":1810},{\"href\":\"https:\\\/\\\/i0.wp.com\\\/www.agnesmeissonnier.com\\\/wp-content\\\/uploads\\\/2020\\\/05\\\/Affiche-1-GC-Immobilier-scaled.jpg?fit=2560%2C1810&ssl=1\",\"title\":\"Affiche-1-GC-Immobilier\",\"thumbnail\":\"https:\\\/\\\/i0.wp.com\\\/www.agnesmeissonnier.com\\\/wp-content\\\/uploads\\\/2020\\\/05\\\/Affiche-1-GC-Immobilier-scaled.jpg?resize=150%2C150&ssl=1\",\"description\":\"\",\"is_video\":0,\"image_id\":3172,\"width\":2560,\"height\":1810},{\"href\":\"https:\\\/\\\/i0.wp.com\\\/www.agnesmeissonnier.com\\\/wp-content\\\/uploads\\\/2019\\\/08\\\/Mockup-flyer-f%C3%AAte-des-plantes-2019.jpg?fit=2560%2C2337&ssl=1\",\"title\":\"Mockup-flyer-f\\u00eate-des-plantes-2019\",\"thumbnail\":\"https:\\\/\\\/i0.wp.com\\\/www.agnesmeissonnier.com\\\/wp-content\\\/uploads\\\/2019\\\/08\\\/Mockup-flyer-f%C3%AAte-des-plantes-2019.jpg?resize=150%2C150&ssl=1\",\"description\":\"Flyer - d\\u00e9clinaison de l'affiche de la F\\u00eate des Plantes \\u00e0 Ribiers\",\"is_video\":0,\"image_id\":1450,\"width\":2560,\"height\":2337},{\"href\":\"https:\\\/\\\/i0.wp.com\\\/www.agnesmeissonnier.com\\\/wp-content\\\/uploads\\\/2019\\\/04\\\/Affiche-F%C3%AAte-des-Plantes-2019-e1556394114353.jpg?fit=620%2C877&ssl=1\",\"title\":\"Affiche f\\u00eate des plantes \\u00e0 RIBIERS\",\"thumbnail\":\"https:\\\/\\\/i0.wp.com\\\/www.agnesmeissonnier.com\\\/wp-content\\\/uploads\\\/2019\\\/04\\\/Affiche-F%C3%AAte-des-Plantes-2019-e1556394114353.jpg?resize=150%2C150&ssl=1\",\"description\":\"Affiche r\\u00e9alis\\u00e9e pour la prochaine f\\u00eate des plantes \\u00e0 RIBIERS\",\"is_video\":0,\"image_id\":1075,\"width\":620,\"height\":877},{\"href\":\"https:\\\/\\\/i0.wp.com\\\/www.agnesmeissonnier.com\\\/wp-content\\\/uploads\\\/2019\\\/08\\\/Outdoor-Ad-Screen-MockUp_3.jpg?fit=2560%2C1707&ssl=1\",\"title\":\"Outdoor-Ad-Screen-MockUp_3\",\"thumbnail\":\"https:\\\/\\\/i0.wp.com\\\/www.agnesmeissonnier.com\\\/wp-content\\\/uploads\\\/2019\\\/08\\\/Outdoor-Ad-Screen-MockUp_3.jpg?resize=150%2C150&ssl=1\",\"description\":\"Mise en situation de l'affiche de la F\\u00eate des Plantes \\u00e0 Ribiers\",\"is_video\":0,\"image_id\":1449,\"width\":2560,\"height\":1707},{\"href\":\"https:\\\/\\\/i0.wp.com\\\/www.agnesmeissonnier.com\\\/wp-content\\\/uploads\\\/2019\\\/02\\\/affiche.jpg?fit=2480%2C3508&ssl=1\",\"title\":\"affiche\",\"thumbnail\":\"https:\\\/\\\/i0.wp.com\\\/www.agnesmeissonnier.com\\\/wp-content\\\/uploads\\\/2019\\\/02\\\/affiche.jpg?resize=150%2C150&ssl=1\",\"description\":\"Affiche d\\u00e9cal\\u00e9e r\\u00e9alis\\u00e9e pour un film culte \\\"Tchao Pantin\\\"\",\"is_video\":0,\"image_id\":516,\"width\":2480,\"height\":3508},{\"href\":\"https:\\\/\\\/i0.wp.com\\\/www.agnesmeissonnier.com\\\/wp-content\\\/uploads\\\/2020\\\/05\\\/fete-des-plantes.jpg?fit=707%2C1000&ssl=1\",\"title\":\"fete-des-plantes\",\"thumbnail\":\"https:\\\/\\\/i0.wp.com\\\/www.agnesmeissonnier.com\\\/wp-content\\\/uploads\\\/2020\\\/05\\\/fete-des-plantes.jpg?resize=150%2C150&ssl=1\",\"description\":\"\",\"is_video\":0,\"image_id\":3100,\"width\":707,\"height\":1000},{\"href\":\"https:\\\/\\\/i0.wp.com\\\/www.agnesmeissonnier.com\\\/wp-content\\\/uploads\\\/2019\\\/02\\\/mockup-galerie-tchaopantin.jpg?fit=1333%2C1000&ssl=1\",\"title\":\"mockup-galerie-tchaopantin\",\"thumbnail\":\"https:\\\/\\\/i0.wp.com\\\/www.agnesmeissonnier.com\\\/wp-content\\\/uploads\\\/2019\\\/02\\\/mockup-galerie-tchaopantin.jpg?resize=150%2C150&ssl=1\",\"description\":\"\",\"is_video\":0,\"image_id\":47,\"width\":1333,\"height\":1000},{\"href\":\"https:\\\/\\\/i0.wp.com\\\/www.agnesmeissonnier.com\\\/wp-content\\\/uploads\\\/2019\\\/02\\\/cg-affiche.jpg?fit=750%2C1000&ssl=1\",\"title\":\"cg-affiche\",\"thumbnail\":\"https:\\\/\\\/i0.wp.com\\\/www.agnesmeissonnier.com\\\/wp-content\\\/uploads\\\/2019\\\/02\\\/cg-affiche.jpg?resize=150%2C150&ssl=1\",\"description\":\"Affiche publicitaire de SEKOIA Eco camp\",\"is_video\":0,\"image_id\":65,\"width\":750,\"height\":1000},{\"href\":\"https:\\\/\\\/i0.wp.com\\\/www.agnesmeissonnier.com\\\/wp-content\\\/uploads\\\/2019\\\/02\\\/jpm-portrait.jpg?fit=707%2C1000&ssl=1\",\"title\":\"jpm-portrait\",\"thumbnail\":\"https:\\\/\\\/i0.wp.com\\\/www.agnesmeissonnier.com\\\/wp-content\\\/uploads\\\/2019\\\/02\\\/jpm-portrait.jpg?resize=150%2C150&ssl=1\",\"description\":\"Affiche Ev\\u00e8nement Journ\\u00e9es du Patrimoine \\u00e0 Marseille\",\"is_video\":0,\"image_id\":97,\"width\":707,\"height\":1000},{\"href\":\"https:\\\/\\\/i0.wp.com\\\/www.agnesmeissonnier.com\\\/wp-content\\\/uploads\\\/2019\\\/05\\\/AFFICHE-F%C3%AAte-du-pain-RIBIERS-2019-e1566564113959.jpg?fit=500%2C707&ssl=1\",\"title\":\"AFFICHE F\\u00eate du pain RIBIERS 2019\",\"thumbnail\":\"https:\\\/\\\/i0.wp.com\\\/www.agnesmeissonnier.com\\\/wp-content\\\/uploads\\\/2019\\\/05\\\/AFFICHE-F%C3%AAte-du-pain-RIBIERS-2019-e1566564113959.jpg?resize=150%2C150&ssl=1\",\"description\":\"Affiche F\\u00eate du Pain - juin 2019 - \\u00e0 RIBIERS \",\"is_video\":0,\"image_id\":1398,\"width\":500,\"height\":707},{\"href\":\"https:\\\/\\\/i0.wp.com\\\/www.agnesmeissonnier.com\\\/wp-content\\\/uploads\\\/2019\\\/02\\\/Agence-de-Voyage-mars.jpg?fit=1403%2C1000&ssl=1\",\"title\":\"Agence-de-Voyage-mars\",\"thumbnail\":\"https:\\\/\\\/i0.wp.com\\\/www.agnesmeissonnier.com\\\/wp-content\\\/uploads\\\/2019\\\/02\\\/Agence-de-Voyage-mars.jpg?resize=150%2C150&ssl=1\",\"description\":\"Affiche publicit\\u00e9 Agence de Voyage\",\"is_video\":0,\"image_id\":38,\"width\":1403,\"height\":1000},{\"href\":\"https:\\\/\\\/i0.wp.com\\\/www.agnesmeissonnier.com\\\/wp-content\\\/uploads\\\/2019\\\/02\\\/mockupagencevoyage.jpg?fit=1333%2C1000&ssl=1\",\"title\":\"mockupagencevoyage\",\"thumbnail\":\"https:\\\/\\\/i0.wp.com\\\/www.agnesmeissonnier.com\\\/wp-content\\\/uploads\\\/2019\\\/02\\\/mockupagencevoyage.jpg?resize=150%2C150&ssl=1\",\"description\":\"Mise en situation Affiche Agence de Voyage\",\"is_video\":0,\"image_id\":54,\"width\":1333,\"height\":1000},{\"href\":\"https:\\\/\\\/i0.wp.com\\\/www.agnesmeissonnier.com\\\/wp-content\\\/uploads\\\/2019\\\/02\\\/mockup-co2.jpg?fit=750%2C1000&ssl=1\",\"title\":\"mockup-co2\",\"thumbnail\":\"https:\\\/\\\/i0.wp.com\\\/www.agnesmeissonnier.com\\\/wp-content\\\/uploads\\\/2019\\\/02\\\/mockup-co2.jpg?resize=150%2C150&ssl=1\",\"description\":\"Pr\\u00e9sentation de la l'affiche de sensibilisation concernant les effets n\\u00e9fastes du CO2\",\"is_video\":0,\"image_id\":50,\"width\":750,\"height\":1000},{\"href\":\"https:\\\/\\\/i0.wp.com\\\/www.agnesmeissonnier.com\\\/wp-content\\\/uploads\\\/2019\\\/02\\\/dior.jpg?fit=1403%2C1000&ssl=1\",\"title\":\"Eau Sauvage DIOR\",\"thumbnail\":\"https:\\\/\\\/i0.wp.com\\\/www.agnesmeissonnier.com\\\/wp-content\\\/uploads\\\/2019\\\/02\\\/dior.jpg?resize=150%2C150&ssl=1\",\"description\":\"Affiche publicitaire pour une marque de parfum\",\"is_video\":0,\"image_id\":40,\"width\":1403,\"height\":1000}]}<\/script>\r\n\t\t<\/div>\t\t\t\t<\/div>\n\t\t\t\t<\/div>\n\t\t\t\t\t<\/div>\n\t\t<\/div>\n\t\t\t\t\t<\/div>\n\t\t<\/section>\n\t\t\t\t<section class=\"elementor-section elementor-top-section elementor-element elementor-element-19f541f elementor-section-full_width elementor-section-stretched elementor-section-height-default elementor-section-height-default\" data-id=\"19f541f\" data-element_type=\"section\" data-e-type=\"section\" data-settings=\"{&quot;background_background&quot;:&quot;classic&quot;,&quot;stretch_section&quot;:&quot;section-stretched&quot;,&quot;shape_divider_top&quot;:&quot;triangle&quot;,&quot;shape_divider_top_negative&quot;:&quot;yes&quot;}\">\n\t\t\t\t\t<div class=\"elementor-shape elementor-shape-top\" aria-hidden=\"true\" data-negative=\"true\">\n\t\t\t<svg xmlns=\"http:\/\/www.w3.org\/2000\/svg\" viewBox=\"0 0 1000 100\" preserveAspectRatio=\"none\">\n\t<path class=\"elementor-shape-fill\" d=\"M500.2,94.7L0,0v100h1000V0L500.2,94.7z\"\/>\n<\/svg>\t\t<\/div>\n\t\t\t\t\t<div class=\"elementor-container elementor-column-gap-default\">\n\t\t\t\t\t<div class=\"elementor-column elementor-col-100 elementor-top-column elementor-element elementor-element-296d20e\" data-id=\"296d20e\" data-element_type=\"column\" data-e-type=\"column\">\n\t\t\t<div class=\"elementor-widget-wrap elementor-element-populated\">\n\t\t\t\t\t\t<section class=\"elementor-section elementor-inner-section elementor-element elementor-element-494b241 elementor-section-boxed elementor-section-height-default elementor-section-height-default\" data-id=\"494b241\" data-element_type=\"section\" data-e-type=\"section\">\n\t\t\t\t\t\t<div class=\"elementor-container elementor-column-gap-default\">\n\t\t\t\t\t<div class=\"elementor-column elementor-col-100 elementor-inner-column elementor-element elementor-element-b37f78e\" data-id=\"b37f78e\" data-element_type=\"column\" data-e-type=\"column\">\n\t\t\t<div class=\"elementor-widget-wrap\">\n\t\t\t\t\t\t\t<\/div>\n\t\t<\/div>\n\t\t\t\t\t<\/div>\n\t\t<\/section>\n\t\t\t\t\t<\/div>\n\t\t<\/div>\n\t\t\t\t\t<\/div>\n\t\t<\/section>\n\t\t\t\t<\/div>\n\t\t","protected":false},"excerpt":{"rendered":"<p>Affiches, flyers<\/p>\n","protected":false},"author":1,"featured_media":3173,"parent":0,"menu_order":0,"comment_status":"closed","ping_status":"closed","template":"elementor_header_footer","meta":{"ocean_post_layout":"","ocean_both_sidebars_style":"","ocean_both_sidebars_content_width":0,"ocean_both_sidebars_sidebars_width":0,"ocean_sidebar":"0","ocean_second_sidebar":"0","ocean_disable_margins":"enable","ocean_add_body_class":"","ocean_shortcode_before_top_bar":"","ocean_shortcode_after_top_bar":"","ocean_shortcode_before_header":"","ocean_shortcode_after_header":"","ocean_has_shortcode":"","ocean_shortcode_after_title":"","ocean_shortcode_before_footer_widgets":"","ocean_shortcode_after_footer_widgets":"","ocean_shortcode_before_footer_bottom":"","ocean_shortcode_after_footer_bottom":"","ocean_display_top_bar":"default","ocean_display_header":"default","ocean_header_style":"","ocean_center_header_left_menu":"0","ocean_custom_header_template":"0","ocean_custom_logo":0,"ocean_custom_retina_logo":0,"ocean_custom_logo_max_width":0,"ocean_custom_logo_tablet_max_width":0,"ocean_custom_logo_mobile_max_width":0,"ocean_custom_logo_max_height":0,"ocean_custom_logo_tablet_max_height":0,"ocean_custom_logo_mobile_max_height":0,"ocean_header_custom_menu":"0","ocean_menu_typo_font_family":"0","ocean_menu_typo_font_subset":"","ocean_menu_typo_font_size":0,"ocean_menu_typo_font_size_tablet":0,"ocean_menu_typo_font_size_mobile":0,"ocean_menu_typo_font_size_unit":"px","ocean_menu_typo_font_weight":"","ocean_menu_typo_font_weight_tablet":"","ocean_menu_typo_font_weight_mobile":"","ocean_menu_typo_transform":"","ocean_menu_typo_transform_tablet":"","ocean_menu_typo_transform_mobile":"","ocean_menu_typo_line_height":0,"ocean_menu_typo_line_height_tablet":0,"ocean_menu_typo_line_height_mobile":0,"ocean_menu_typo_line_height_unit":"","ocean_menu_typo_spacing":0,"ocean_menu_typo_spacing_tablet":0,"ocean_menu_typo_spacing_mobile":0,"ocean_menu_typo_spacing_unit":"","ocean_menu_link_color":"","ocean_menu_link_color_hover":"","ocean_menu_link_color_active":"","ocean_menu_link_background":"","ocean_menu_link_hover_background":"","ocean_menu_link_active_background":"","ocean_menu_social_links_bg":"","ocean_menu_social_hover_links_bg":"","ocean_menu_social_links_color":"","ocean_menu_social_hover_links_color":"","ocean_disable_title":"default","ocean_disable_heading":"default","ocean_post_title":"","ocean_post_subheading":"","ocean_post_title_style":"","ocean_post_title_background_color":"","ocean_post_title_background":0,"ocean_post_title_bg_image_position":"","ocean_post_title_bg_image_attachment":"","ocean_post_title_bg_image_repeat":"","ocean_post_title_bg_image_size":"","ocean_post_title_height":0,"ocean_post_title_bg_overlay":0.5,"ocean_post_title_bg_overlay_color":"","ocean_disable_breadcrumbs":"default","ocean_breadcrumbs_color":"","ocean_breadcrumbs_separator_color":"","ocean_breadcrumbs_links_color":"","ocean_breadcrumbs_links_hover_color":"","ocean_display_footer_widgets":"default","ocean_display_footer_bottom":"default","ocean_custom_footer_template":"0","jetpack_post_was_ever_published":false,"footnotes":""},"class_list":["post-3595","page","type-page","status-publish","has-post-thumbnail","hentry","entry","has-media"],"yoast_head":"<!-- This site is optimized with the Yoast SEO plugin v24.4 - https:\/\/yoast.com\/wordpress\/plugins\/seo\/ -->\n<title>Affiche, Flyer - Agn\u00e8s MEISSONNIER Cr\u00e9ations<\/title>\n<meta name=\"description\" content=\"Conception d&#039;affiche, de flyer : cr\u00e9ation d&#039;\u00e9l\u00e9ments graphiques, d&#039;illustrations avec photoshop, Illustrator et composition et mise en page sur Indesign\" \/>\n<meta name=\"robots\" content=\"index, follow, max-snippet:-1, max-image-preview:large, max-video-preview:-1\" \/>\n<link rel=\"canonical\" href=\"https:\/\/www.agnesmeissonnier.com\/index.php\/affiche-flyer\/\" \/>\n<meta property=\"og:locale\" content=\"fr_FR\" \/>\n<meta property=\"og:type\" content=\"article\" \/>\n<meta property=\"og:title\" content=\"Affiche, Flyer - Agn\u00e8s MEISSONNIER Cr\u00e9ations\" \/>\n<meta property=\"og:description\" content=\"Conception d&#039;affiche, de flyer : cr\u00e9ation d&#039;\u00e9l\u00e9ments graphiques, d&#039;illustrations avec photoshop, Illustrator et composition et mise en page sur Indesign\" \/>\n<meta property=\"og:url\" content=\"https:\/\/www.agnesmeissonnier.com\/index.php\/affiche-flyer\/\" \/>\n<meta property=\"og:site_name\" content=\"Agn\u00e8s MEISSONNIER Cr\u00e9ations\" \/>\n<meta property=\"article:modified_time\" content=\"2021-09-30T09:55:05+00:00\" \/>\n<meta property=\"og:image\" content=\"https:\/\/i0.wp.com\/www.agnesmeissonnier.com\/wp-content\/uploads\/2020\/05\/Affiche-2-GC-Immobilier-scaled.jpg?fit=2560%2C1810&ssl=1\" \/>\n\t<meta property=\"og:image:width\" content=\"2560\" \/>\n\t<meta property=\"og:image:height\" content=\"1810\" \/>\n\t<meta property=\"og:image:type\" content=\"image\/jpeg\" \/>\n<meta name=\"twitter:card\" content=\"summary_large_image\" \/>\n<meta name=\"twitter:label1\" content=\"Dur\u00e9e de lecture estim\u00e9e\" \/>\n\t<meta name=\"twitter:data1\" content=\"4 minutes\" \/>\n<script type=\"application\/ld+json\" class=\"yoast-schema-graph\">{\"@context\":\"https:\/\/schema.org\",\"@graph\":[{\"@type\":\"WebPage\",\"@id\":\"https:\/\/www.agnesmeissonnier.com\/index.php\/affiche-flyer\/\",\"url\":\"https:\/\/www.agnesmeissonnier.com\/index.php\/affiche-flyer\/\",\"name\":\"Affiche, Flyer - Agn\u00e8s MEISSONNIER Cr\u00e9ations\",\"isPartOf\":{\"@id\":\"https:\/\/www.agnesmeissonnier.com\/#website\"},\"primaryImageOfPage\":{\"@id\":\"https:\/\/www.agnesmeissonnier.com\/index.php\/affiche-flyer\/#primaryimage\"},\"image\":{\"@id\":\"https:\/\/www.agnesmeissonnier.com\/index.php\/affiche-flyer\/#primaryimage\"},\"thumbnailUrl\":\"https:\/\/i0.wp.com\/www.agnesmeissonnier.com\/wp-content\/uploads\/2020\/05\/Affiche-2-GC-Immobilier-scaled.jpg?fit=2560%2C1810&ssl=1\",\"datePublished\":\"2020-11-01T10:45:06+00:00\",\"dateModified\":\"2021-09-30T09:55:05+00:00\",\"description\":\"Conception d'affiche, de flyer : cr\u00e9ation d'\u00e9l\u00e9ments graphiques, d'illustrations avec photoshop, Illustrator et composition et mise en page sur Indesign\",\"breadcrumb\":{\"@id\":\"https:\/\/www.agnesmeissonnier.com\/index.php\/affiche-flyer\/#breadcrumb\"},\"inLanguage\":\"fr-FR\",\"potentialAction\":[{\"@type\":\"ReadAction\",\"target\":[\"https:\/\/www.agnesmeissonnier.com\/index.php\/affiche-flyer\/\"]}]},{\"@type\":\"ImageObject\",\"inLanguage\":\"fr-FR\",\"@id\":\"https:\/\/www.agnesmeissonnier.com\/index.php\/affiche-flyer\/#primaryimage\",\"url\":\"https:\/\/i0.wp.com\/www.agnesmeissonnier.com\/wp-content\/uploads\/2020\/05\/Affiche-2-GC-Immobilier-scaled.jpg?fit=2560%2C1810&ssl=1\",\"contentUrl\":\"https:\/\/i0.wp.com\/www.agnesmeissonnier.com\/wp-content\/uploads\/2020\/05\/Affiche-2-GC-Immobilier-scaled.jpg?fit=2560%2C1810&ssl=1\",\"width\":2560,\"height\":1810},{\"@type\":\"BreadcrumbList\",\"@id\":\"https:\/\/www.agnesmeissonnier.com\/index.php\/affiche-flyer\/#breadcrumb\",\"itemListElement\":[{\"@type\":\"ListItem\",\"position\":1,\"name\":\"Accueil\",\"item\":\"https:\/\/www.agnesmeissonnier.com\/\"},{\"@type\":\"ListItem\",\"position\":2,\"name\":\"Affiche, Flyer\"}]},{\"@type\":\"WebSite\",\"@id\":\"https:\/\/www.agnesmeissonnier.com\/#website\",\"url\":\"https:\/\/www.agnesmeissonnier.com\/\",\"name\":\"Agn\u00e8s MEISSONNIER Infographiste Webdesigner\",\"description\":\"&quot;Etre, c&#039;est communiquer&quot;\",\"publisher\":{\"@id\":\"https:\/\/www.agnesmeissonnier.com\/#\/schema\/person\/b98075154855001811f91aa1cbfefcb9\"},\"potentialAction\":[{\"@type\":\"SearchAction\",\"target\":{\"@type\":\"EntryPoint\",\"urlTemplate\":\"https:\/\/www.agnesmeissonnier.com\/?s={search_term_string}\"},\"query-input\":{\"@type\":\"PropertyValueSpecification\",\"valueRequired\":true,\"valueName\":\"search_term_string\"}}],\"inLanguage\":\"fr-FR\"},{\"@type\":[\"Person\",\"Organization\"],\"@id\":\"https:\/\/www.agnesmeissonnier.com\/#\/schema\/person\/b98075154855001811f91aa1cbfefcb9\",\"name\":\"agnesm\",\"image\":{\"@type\":\"ImageObject\",\"inLanguage\":\"fr-FR\",\"@id\":\"https:\/\/www.agnesmeissonnier.com\/#\/schema\/person\/image\/\",\"url\":\"https:\/\/i1.wp.com\/www.agnesmeissonnier.com\/wp-content\/uploads\/2019\/08\/logo-symbole-copie.jpg?fit=497%2C525&ssl=1\",\"contentUrl\":\"https:\/\/i1.wp.com\/www.agnesmeissonnier.com\/wp-content\/uploads\/2019\/08\/logo-symbole-copie.jpg?fit=497%2C525&ssl=1\",\"width\":497,\"height\":525,\"caption\":\"agnesm\"},\"logo\":{\"@id\":\"https:\/\/www.agnesmeissonnier.com\/#\/schema\/person\/image\/\"},\"sameAs\":[\"https:\/\/www.linkedin.com\/in\/agn\u00e8s-meissonnier-6025a1156\/\"]}]}<\/script>\n<!-- \/ Yoast SEO plugin. -->","yoast_head_json":{"title":"Affiche, Flyer - Agn\u00e8s MEISSONNIER Cr\u00e9ations","description":"Conception d'affiche, de flyer : cr\u00e9ation d'\u00e9l\u00e9ments graphiques, d'illustrations avec photoshop, Illustrator et composition et mise en page sur Indesign","robots":{"index":"index","follow":"follow","max-snippet":"max-snippet:-1","max-image-preview":"max-image-preview:large","max-video-preview":"max-video-preview:-1"},"canonical":"https:\/\/www.agnesmeissonnier.com\/index.php\/affiche-flyer\/","og_locale":"fr_FR","og_type":"article","og_title":"Affiche, Flyer - Agn\u00e8s MEISSONNIER Cr\u00e9ations","og_description":"Conception d'affiche, de flyer : cr\u00e9ation d'\u00e9l\u00e9ments graphiques, d'illustrations avec photoshop, Illustrator et composition et mise en page sur Indesign","og_url":"https:\/\/www.agnesmeissonnier.com\/index.php\/affiche-flyer\/","og_site_name":"Agn\u00e8s MEISSONNIER Cr\u00e9ations","article_modified_time":"2021-09-30T09:55:05+00:00","og_image":[{"width":2560,"height":1810,"url":"https:\/\/i0.wp.com\/www.agnesmeissonnier.com\/wp-content\/uploads\/2020\/05\/Affiche-2-GC-Immobilier-scaled.jpg?fit=2560%2C1810&ssl=1","type":"image\/jpeg"}],"twitter_card":"summary_large_image","twitter_misc":{"Dur\u00e9e de lecture estim\u00e9e":"4 minutes"},"schema":{"@context":"https:\/\/schema.org","@graph":[{"@type":"WebPage","@id":"https:\/\/www.agnesmeissonnier.com\/index.php\/affiche-flyer\/","url":"https:\/\/www.agnesmeissonnier.com\/index.php\/affiche-flyer\/","name":"Affiche, Flyer - Agn\u00e8s MEISSONNIER Cr\u00e9ations","isPartOf":{"@id":"https:\/\/www.agnesmeissonnier.com\/#website"},"primaryImageOfPage":{"@id":"https:\/\/www.agnesmeissonnier.com\/index.php\/affiche-flyer\/#primaryimage"},"image":{"@id":"https:\/\/www.agnesmeissonnier.com\/index.php\/affiche-flyer\/#primaryimage"},"thumbnailUrl":"https:\/\/i0.wp.com\/www.agnesmeissonnier.com\/wp-content\/uploads\/2020\/05\/Affiche-2-GC-Immobilier-scaled.jpg?fit=2560%2C1810&ssl=1","datePublished":"2020-11-01T10:45:06+00:00","dateModified":"2021-09-30T09:55:05+00:00","description":"Conception d'affiche, de flyer : cr\u00e9ation d'\u00e9l\u00e9ments graphiques, d'illustrations avec photoshop, Illustrator et composition et mise en page sur Indesign","breadcrumb":{"@id":"https:\/\/www.agnesmeissonnier.com\/index.php\/affiche-flyer\/#breadcrumb"},"inLanguage":"fr-FR","potentialAction":[{"@type":"ReadAction","target":["https:\/\/www.agnesmeissonnier.com\/index.php\/affiche-flyer\/"]}]},{"@type":"ImageObject","inLanguage":"fr-FR","@id":"https:\/\/www.agnesmeissonnier.com\/index.php\/affiche-flyer\/#primaryimage","url":"https:\/\/i0.wp.com\/www.agnesmeissonnier.com\/wp-content\/uploads\/2020\/05\/Affiche-2-GC-Immobilier-scaled.jpg?fit=2560%2C1810&ssl=1","contentUrl":"https:\/\/i0.wp.com\/www.agnesmeissonnier.com\/wp-content\/uploads\/2020\/05\/Affiche-2-GC-Immobilier-scaled.jpg?fit=2560%2C1810&ssl=1","width":2560,"height":1810},{"@type":"BreadcrumbList","@id":"https:\/\/www.agnesmeissonnier.com\/index.php\/affiche-flyer\/#breadcrumb","itemListElement":[{"@type":"ListItem","position":1,"name":"Accueil","item":"https:\/\/www.agnesmeissonnier.com\/"},{"@type":"ListItem","position":2,"name":"Affiche, Flyer"}]},{"@type":"WebSite","@id":"https:\/\/www.agnesmeissonnier.com\/#website","url":"https:\/\/www.agnesmeissonnier.com\/","name":"Agn\u00e8s MEISSONNIER Infographiste Webdesigner","description":"&quot;Etre, c&#039;est communiquer&quot;","publisher":{"@id":"https:\/\/www.agnesmeissonnier.com\/#\/schema\/person\/b98075154855001811f91aa1cbfefcb9"},"potentialAction":[{"@type":"SearchAction","target":{"@type":"EntryPoint","urlTemplate":"https:\/\/www.agnesmeissonnier.com\/?s={search_term_string}"},"query-input":{"@type":"PropertyValueSpecification","valueRequired":true,"valueName":"search_term_string"}}],"inLanguage":"fr-FR"},{"@type":["Person","Organization"],"@id":"https:\/\/www.agnesmeissonnier.com\/#\/schema\/person\/b98075154855001811f91aa1cbfefcb9","name":"agnesm","image":{"@type":"ImageObject","inLanguage":"fr-FR","@id":"https:\/\/www.agnesmeissonnier.com\/#\/schema\/person\/image\/","url":"https:\/\/i1.wp.com\/www.agnesmeissonnier.com\/wp-content\/uploads\/2019\/08\/logo-symbole-copie.jpg?fit=497%2C525&ssl=1","contentUrl":"https:\/\/i1.wp.com\/www.agnesmeissonnier.com\/wp-content\/uploads\/2019\/08\/logo-symbole-copie.jpg?fit=497%2C525&ssl=1","width":497,"height":525,"caption":"agnesm"},"logo":{"@id":"https:\/\/www.agnesmeissonnier.com\/#\/schema\/person\/image\/"},"sameAs":["https:\/\/www.linkedin.com\/in\/agn\u00e8s-meissonnier-6025a1156\/"]}]}},"jetpack_sharing_enabled":true,"jetpack_shortlink":"https:\/\/wp.me\/PaJ7LY-VZ","jetpack-related-posts":[],"_links":{"self":[{"href":"https:\/\/www.agnesmeissonnier.com\/index.php\/wp-json\/wp\/v2\/pages\/3595","targetHints":{"allow":["GET"]}}],"collection":[{"href":"https:\/\/www.agnesmeissonnier.com\/index.php\/wp-json\/wp\/v2\/pages"}],"about":[{"href":"https:\/\/www.agnesmeissonnier.com\/index.php\/wp-json\/wp\/v2\/types\/page"}],"author":[{"embeddable":true,"href":"https:\/\/www.agnesmeissonnier.com\/index.php\/wp-json\/wp\/v2\/users\/1"}],"replies":[{"embeddable":true,"href":"https:\/\/www.agnesmeissonnier.com\/index.php\/wp-json\/wp\/v2\/comments?post=3595"}],"version-history":[{"count":32,"href":"https:\/\/www.agnesmeissonnier.com\/index.php\/wp-json\/wp\/v2\/pages\/3595\/revisions"}],"predecessor-version":[{"id":5521,"href":"https:\/\/www.agnesmeissonnier.com\/index.php\/wp-json\/wp\/v2\/pages\/3595\/revisions\/5521"}],"wp:featuredmedia":[{"embeddable":true,"href":"https:\/\/www.agnesmeissonnier.com\/index.php\/wp-json\/wp\/v2\/media\/3173"}],"wp:attachment":[{"href":"https:\/\/www.agnesmeissonnier.com\/index.php\/wp-json\/wp\/v2\/media?parent=3595"}],"curies":[{"name":"wp","href":"https:\/\/api.w.org\/{rel}","templated":true}]}}